{"id":9207,"date":"2019-01-08T05:36:43","date_gmt":"2019-01-08T05:36:43","guid":{"rendered":"http:\/\/preview.themesion.com\/dentiq-site1\/?page_id=9207"},"modified":"2021-02-09T17:34:36","modified_gmt":"2021-02-09T17:34:36","slug":"instalaciones-y-tecnologia","status":"publish","type":"page","link":"https:\/\/dentalmagmar.es\/fr\/installations-et-technologie","title":{"rendered":"Installations et technologie"},"content":{"rendered":"<p>[vc_row thsn-bg-color=\u00bbwhite\u00bb thsn-extended-column=\u00bbfirst\u00bb thsn-extended-bg-image-position=\u00bbright-top\u00bb thsn-extended-bg-image-repeat=\u00bby\u00bb full_width=\u00bbstretch_row\u00bb content_placement=\u00bbmiddle\u00bb css=\u00bb.vc_custom_1563442572054{padding-top: 90px !important;padding-bottom: 40px !important;}\u00bb thsn-first-col-bg-image=\u00bb9037&#8243; thsn-responsive-css=\u00bb61836986|colbreak_no|||||||||colbreak_yes|||||||||colbreak_no||||||||||colbreak_no|||||||||\u00bb][vc_column thsn-responsive-css=\u00bb83513971|colbreak_no|||||||||colbreak_no||0|||||||colbreak_no||||||||||colbreak_no|||||||||\u00bb][vc_row_inner content_placement=\u00bbmiddle\u00bb][vc_column_inner width=\u00bb5\/12&#8243;][\/vc_column_inner][vc_column_inner width=\u00bb7\/12&#8243;][vc_column_text]Nuestra Cl\u00ednica Dental &amp; Est\u00e9tica en <a href=\"https:\/\/goo.gl\/maps\/KJT3fqaeeyntoZmo8\"><span class=\"thsn-header-box-content\">Travers\u00e9e de Sabino Arana, 2, 4\u00baD<\/span><\/a>, Berango, se caracteriza por componerse de un equipo multidisciplinar, profesional y cercano. Contamos con una tecnolog\u00eda actualizada y l\u00edder del sector. Queremos ser tus dentistas de confianza.[\/vc_column_text][\/vc_column_inner][\/vc_row_inner][vc_row_inner][vc_column_inner width=\u00bb1\/3&#8243;][\/vc_column_inner][vc_column_inner width=\u00bb1\/3&#8243;][\/vc_column_inner][vc_column_inner width=\u00bb1\/3&#8243;][\/vc_column_inner][\/vc_row_inner][\/vc_column][\/vc_row][vc_row thsn-bg-color=\u00bblight\u00bb full_width=\u00bbstretch_row\u00bb][vc_column][\/vc_column][vc_column width=\u00bb1\/4&#8243;]<div  class=\"thsn-single-image-w thsn-single-hover-no  thsn-small-text-pos-bottom\"><img class=\"thsn_vc_single_image-img\" src=\"https:\/\/dentalmagmar.es\/wp-content\/uploads\/2021\/02\/WhatsApp-Image-2021-02-09-at-16.50.08-400x400.jpeg\" width=\"400\" height=\"400\" alt=\"Image WhatsApp 2021-02-09 \u00e0 16.50.08\" title=\"Image WhatsApp 2021-02-09 \u00e0 16.50.08\" \/><div class=\"thsn-overlay\">[vc_icon icon_fontawesome=\"fa fa-info-circle\" icon_thsn_dentiq_icon=\"thsn-dentiq-icon thsn-dentiq-icon-light\" icon_sgicon=\"sgicon sgicon-WorldWide\" icon_linecons=\"vc_li vc_li-heart\" icon_monosocial=\"vc-mono vc-mono-fivehundredpx\" link=\"url:https%3A%2F%2Fdentalmagmar.es%2Fwp-content%2Fuploads%2F2021%2F02%2FWhatsApp-Image-2021-02-09-at-16.50.08.jpeg|||\" el_class=\"thsn-lightbox thsn-lightbox-video\"]<\/div><a href=\"https:\/\/dentalmagmar.es\/wp-content\/uploads\/2021\/02\/WhatsApp-Image-2021-02-09-at-16.50.08.jpeg\" class=\"thsn-lightbox\"><span class=\"themesion-hide\">Cliquez ici<\/span><\/a><\/div>[\/vc_column][vc_column width=\u00bb1\/4&#8243;]<div  class=\"thsn-single-image-w thsn-single-hover-no  thsn-small-text-pos-bottom\"><img class=\"thsn_vc_single_image-img\" src=\"https:\/\/dentalmagmar.es\/wp-content\/uploads\/2021\/02\/WhatsApp-Image-2021-02-09-at-16.50.33-400x400.jpeg\" width=\"400\" height=\"400\" alt=\"Image WhatsApp 2021-02-09 \u00e0 16.50.33\" title=\"Image WhatsApp 2021-02-09 \u00e0 16.50.33\" \/><div class=\"thsn-overlay\">[vc_icon icon_fontawesome=\"fa fa-info-circle\" icon_thsn_dentiq_icon=\"thsn-dentiq-icon thsn-dentiq-icon-light\" icon_sgicon=\"sgicon sgicon-WorldWide\" icon_linecons=\"vc_li vc_li-heart\" icon_monosocial=\"vc-mono vc-mono-fivehundredpx\" link=\"url:https%3A%2F%2Fdentalmagmar.es%2Fwp-content%2Fuploads%2F2021%2F02%2FWhatsApp-Image-2021-02-09-at-16.50.33.jpeg|||\" el_class=\"thsn-lightbox thsn-lightbox-video\"]<\/div><a href=\"https:\/\/dentalmagmar.es\/wp-content\/uploads\/2021\/02\/WhatsApp-Image-2021-02-09-at-16.50.33.jpeg\" class=\"thsn-lightbox\"><span class=\"themesion-hide\">Cliquez ici<\/span><\/a><\/div>[\/vc_column][vc_column width=\u00bb1\/4&#8243;]<div  class=\"thsn-single-image-w thsn-single-hover-no  thsn-small-text-pos-bottom\"><img class=\"thsn_vc_single_image-img\" src=\"https:\/\/dentalmagmar.es\/wp-content\/uploads\/2021\/02\/WhatsApp-Image-2021-02-09-at-16.50.41-400x400.jpeg\" width=\"400\" height=\"400\" alt=\"Image WhatsApp 2021-02-09 \u00e0 16.50.41\" title=\"Image WhatsApp 2021-02-09 \u00e0 16.50.41\" \/><div class=\"thsn-overlay\">[vc_icon icon_fontawesome=\"fa fa-info-circle\" icon_thsn_dentiq_icon=\"thsn-dentiq-icon thsn-dentiq-icon-light\" icon_sgicon=\"sgicon sgicon-WorldWide\" icon_linecons=\"vc_li vc_li-heart\" icon_monosocial=\"vc-mono vc-mono-fivehundredpx\" link=\"url:https%3A%2F%2Fdentalmagmar.es%2Fwp-content%2Fuploads%2F2021%2F02%2FWhatsApp-Image-2021-02-09-at-16.50.41.jpeg|||\" el_class=\"thsn-lightbox thsn-lightbox-video\"]<\/div><a href=\"https:\/\/dentalmagmar.es\/wp-content\/uploads\/2021\/02\/WhatsApp-Image-2021-02-09-at-16.50.41.jpeg\" class=\"thsn-lightbox\"><span class=\"themesion-hide\">Cliquez ici<\/span><\/a><\/div>[\/vc_column][vc_column width=\u00bb1\/4&#8243;]<div  class=\"thsn-single-image-w thsn-single-hover-no  thsn-small-text-pos-bottom\"><img class=\"thsn_vc_single_image-img\" src=\"https:\/\/dentalmagmar.es\/wp-content\/uploads\/2021\/02\/WhatsApp-Image-2021-02-09-at-16.50.53-400x400.jpeg\" width=\"400\" height=\"400\" alt=\"Image WhatsApp 2021-02-09 \u00e0 16.50.53\" title=\"Image WhatsApp 2021-02-09 \u00e0 16.50.53\" \/><div class=\"thsn-overlay\">[vc_icon icon_fontawesome=\"fa fa-info-circle\" icon_thsn_dentiq_icon=\"thsn-dentiq-icon thsn-dentiq-icon-light\" icon_sgicon=\"sgicon sgicon-WorldWide\" icon_linecons=\"vc_li vc_li-heart\" icon_monosocial=\"vc-mono vc-mono-fivehundredpx\" link=\"url:https%3A%2F%2Fdentalmagmar.es%2Fwp-content%2Fuploads%2F2021%2F02%2FWhatsApp-Image-2021-02-09-at-16.50.53.jpeg|||\" el_class=\"thsn-lightbox thsn-lightbox-video\"]<\/div><a href=\"https:\/\/dentalmagmar.es\/wp-content\/uploads\/2021\/02\/WhatsApp-Image-2021-02-09-at-16.50.53.jpeg\" class=\"thsn-lightbox\"><span class=\"themesion-hide\">Cliquez ici<\/span><\/a><\/div>[\/vc_column][\/vc_row][vc_row thsn-bg-color=\u00bblight\u00bb thsn-bg-image-color-order=\u00bbimage-over-color\u00bb full_width=\u00bbstretch_row\u00bb content_placement=\u00bbmiddle\u00bb css=\u00bb.vc_custom_1597006260024{padding-bottom: 60px !important;background-position: 0 0 !important;background-repeat: repeat !important;}\u00bb][vc_column][vc_empty_space]<div  class=\"themesion-element themesion-element-team thsn-element-team-style-1 themesion-element-viewtype-row-column thsn-sortable-yes\" data-show=\"3\" data-columns=\"3\" data-loop=\"false\" data-autoplay=\"false\" data-center=\"false\" data-nav=\"false\" data-dots=\"false\" data-autoplayspeed=\"1000\" data-margin=\"\"><div class=\"themesion-element-inner\"><div class=\"thsn-team-ele-heading\"><\/div><div class=\"thsn-element-posts-wrapper row multi-columns-row\"><div class=\"thsn-ele thsn-team-ele col-md-4\"><article class=\"themesion-ele themesion-ele-team thsn-team-style-1\">\n\t<div class=\"themesion-post-item\">\n\t\t<div class=\"themesion-team-image-box\">\n\t\t\t<div class=\"thsn-featured-wrapper\"><a href=\"https:\/\/dentalmagmar.es\/fr\/team-member\/dra-marina-parralo\"><img width=\"500\" height=\"580\" src=\"https:\/\/dentalmagmar.es\/wp-content\/uploads\/2020\/09\/WhatsApp-Image-2021-02-22-at-15.54.59-500x580.jpeg\" class=\"attachment-thsn-img-500x580 size-thsn-img-500x580 wp-post-image\" alt=\"\" data-id=\"14198\" \/><\/a><\/div>\t\t<\/div>\n\t\t<div class=\"themesion-box-content\">\n\t\t\t<div class=\"themesion-box-content-inner\">\t\t\t\t\n\t\t\t\t<div class=\"themesion-box-team-position\">\n\t\t\t\t\t\t\t<div class=\"themesion-box-team-position\">Dentiste et chirurgien<\/div>\n\t\t\t\t\t\t<\/div>\n\t\t\t\t<h3 class=\"thsn-team-title\"><a href=\"https:\/\/dentalmagmar.es\/fr\/team-member\/dra-marina-parralo\">DR. BORJA TEJEDOR G\u00d3MEZ<\/a><\/h3>\n\t\t\t<\/div>\n\t\t\t<div class=\"themesion-box-social-links\"><ul class=\"thsn-social-links thsn-team-social-links\"><li class=\"thsn-social-li thsn-social-facebook\"><a href=\"https:\/\/www.facebook.com\/DentalMagmar-110475514015738\/\" title=\"Facebook\" target=\"_blank\"><span><i class=\"thsn-base-icon-facebook-squared\"><\/i><\/span><\/a><\/li><li class=\"thsn-social-li thsn-social-instagram\"><a href=\"https:\/\/www.instagram.com\/dentalmagmar\/\" title=\"Instagram\" target=\"_blank\"><span><i class=\"thsn-base-icon-instagram\"><\/i><\/span><\/a><\/li><\/ul><\/div>\n\t\t<\/div>\n\t<\/div>\n<\/article><\/div><div class=\"thsn-ele thsn-team-ele col-md-4\"><article class=\"themesion-ele themesion-ele-team thsn-team-style-1\">\n\t<div class=\"themesion-post-item\">\n\t\t<div class=\"themesion-team-image-box\">\n\t\t\t<div class=\"thsn-featured-wrapper\"><a href=\"https:\/\/dentalmagmar.es\/fr\/team-member\/dra-lara-egana-benito\"><img width=\"500\" height=\"580\" src=\"https:\/\/dentalmagmar.es\/wp-content\/uploads\/2021\/02\/Equipo-magmar-ortodoncista-lara-500x580.jpg\" class=\"attachment-thsn-img-500x580 size-thsn-img-500x580 wp-post-image\" alt=\"\" data-id=\"14187\" \/><\/a><\/div>\t\t<\/div>\n\t\t<div class=\"themesion-box-content\">\n\t\t\t<div class=\"themesion-box-content-inner\">\t\t\t\t\n\t\t\t\t<div class=\"themesion-box-team-position\">\n\t\t\t\t\t\t\t<div class=\"themesion-box-team-position\">Orthodontiste<\/div>\n\t\t\t\t\t\t<\/div>\n\t\t\t\t<h3 class=\"thsn-team-title\"><a href=\"https:\/\/dentalmagmar.es\/fr\/team-member\/dra-lara-egana-benito\">DR. LARA EGA\u00d1A BENITO<\/a><\/h3>\n\t\t\t<\/div>\n\t\t\t<div class=\"themesion-box-social-links\"><ul class=\"thsn-social-links thsn-team-social-links\"><li class=\"thsn-social-li thsn-social-facebook\"><a href=\"https:\/\/www.facebook.com\/DentalMagmar-110475514015738\/\" title=\"Facebook\" target=\"_blank\"><span><i class=\"thsn-base-icon-facebook-squared\"><\/i><\/span><\/a><\/li><li class=\"thsn-social-li thsn-social-instagram\"><a href=\"https:\/\/www.instagram.com\/dentalmagmar\/\" title=\"Instagram\" target=\"_blank\"><span><i class=\"thsn-base-icon-instagram\"><\/i><\/span><\/a><\/li><\/ul><\/div>\n\t\t<\/div>\n\t<\/div>\n<\/article><\/div><div class=\"thsn-ele thsn-team-ele col-md-4\"><article class=\"themesion-ele themesion-ele-team thsn-team-style-1\">\n\t<div class=\"themesion-post-item\">\n\t\t<div class=\"themesion-team-image-box\">\n\t\t\t<div class=\"thsn-featured-wrapper\"><a href=\"https:\/\/dentalmagmar.es\/fr\/team-member\/dr-ramon-soto-yarritu\"><img width=\"500\" height=\"580\" src=\"https:\/\/dentalmagmar.es\/wp-content\/uploads\/2018\/12\/Equipo-Magmar-3-500x580.jpg\" class=\"attachment-thsn-img-500x580 size-thsn-img-500x580 wp-post-image\" alt=\"\" data-id=\"14169\" \/><\/a><\/div>\t\t<\/div>\n\t\t<div class=\"themesion-box-content\">\n\t\t\t<div class=\"themesion-box-content-inner\">\t\t\t\t\n\t\t\t\t<div class=\"themesion-box-team-position\">\n\t\t\t\t\t\t\t<div class=\"themesion-box-team-position\">Dentiste et directeur m\u00e9dical<\/div>\n\t\t\t\t\t\t<\/div>\n\t\t\t\t<h3 class=\"thsn-team-title\"><a href=\"https:\/\/dentalmagmar.es\/fr\/team-member\/dr-ramon-soto-yarritu\">DR. MARIA ANGELES GARCIA MARTINEZ<\/a><\/h3>\n\t\t\t<\/div>\n\t\t\t<div class=\"themesion-box-social-links\"><ul class=\"thsn-social-links thsn-team-social-links\"><li class=\"thsn-social-li thsn-social-facebook\"><a href=\"https:\/\/www.facebook.com\/DentalMagmar-110475514015738\/\" title=\"Facebook\" target=\"_blank\"><span><i class=\"thsn-base-icon-facebook-squared\"><\/i><\/span><\/a><\/li><li class=\"thsn-social-li thsn-social-instagram\"><a href=\"https:\/\/www.instagram.com\/dentalmagmar\/\" title=\"Instagram\" target=\"_blank\"><span><i class=\"thsn-base-icon-instagram\"><\/i><\/span><\/a><\/li><\/ul><\/div>\n\t\t<\/div>\n\t<\/div>\n<\/article><\/div><\/div><\/div><!-- .themesion-element-inner -->   <\/div><!-- .themesion-element -->  [\/vc_column][\/vc_row][vc_row thsn-text-color=\u00bbwhite\u00bb thsn-bg-color=\u00bbblackish\u00bb thsn-bg-image-color-order=\u00bbimage-over-color\u00bb full_width=\u00bbstretch_row\u00bb content_placement=\u00bbmiddle\u00bb css=\u00bb.vc_custom_1584909915940{background-position: center !important;background-repeat: no-repeat !important;background-size: cover !important;}\u00bb el_id=\u00bbcita\u00bb][vc_column width=\u00bb2\/3&#8243;][\/vc_column][vc_column width=\u00bb1\/3&#8243; thsn-responsive-css=\u00bb63721479|colbreak_no|||||||||colbreak_no|||||||||colbreak_no|35|||||||||colbreak_no|||||||||\u00bb][vc_empty_space height=\u00bb18px\u00bb][vc_column_text]<\/p>\n<h2 style=\"text-align: center;\">1\u00e8re visite gratuite<\/h2>\n<p>[\/vc_column_text][vc_raw_html]JTNDY2VudGVyJTNFJTIwJTVCbGF0ZXBvaW50X2Jvb2tfYnV0dG9uJTVEJTIwJTNDJTJGY2VudGVyJTNF[\/vc_raw_html][vc_column_text]<\/p>\n<h5 style=\"text-align: center;\"><span style=\"color: #ffffff;\"><a style=\"color: #ffffff;\" href=\"tel:946680042\"><strong>Ou appelez-nous: 94668042<\/strong><\/a><\/span><\/h5>\n<p>[\/vc_column_text][\/vc_column][\/vc_row][vc_row thsn-bg-color=\u00bbwhite\u00bb thsn-bg-image-position=\u00bbcenter-center\u00bb thsn-bg-image-color-order=\u00bbimage-over-color\u00bb full_width=\u00bbstretch_row\u00bb css=\u00bb.vc_custom_1597006269808{border-bottom-width: 30px !important;background-position: 0 0 !important;background-repeat: no-repeat !important;}\u00bb][vc_column][vc_empty_space]<div  class=\"themesion-element themesion-element-testimonial thsn-element-testimonial-style-5 themesion-element-viewtype-carousel thsn-sortable-no\" data-show=\"-1\" data-columns=\"1\" data-loop=\"false\" data-autoplay=\"false\" data-center=\"false\" data-nav=\"true\" data-dots=\"true\" data-autoplayspeed=\"1000\" data-margin=\"\"><div class=\"themesion-element-inner\"><div class=\"thsn-element-posts-wrapper row multi-columns-row\"><div class=\"thsn-ele thsn-testimonial-ele col-md-12\"><article class=\"themesion-ele themesion-ele-testimonial thsn-testimonial-style-5 thsn-testimonial-active\"><div class=\"themesion-post-item\">\n\t<div class=\"themesion-box-content\">\t\n\t    <div class=\"themesion-box-img\"><\/div>\t\n\t\t<div class=\"themesion-box-desc\">\n\t\t\t<blockquote class=\"themesion-testimonial-text\"><p>Super personne, super professionnel. Toujours attentif et pr\u00eat \u00e0 tout pour aider. Recommand\u00e9 100%.<\/p>\n<\/blockquote>\n\t\t<\/div>\t\n\t\t<div class=\"themesion-box-star-ratings\"><i class=\"thsn-base-icon-star thsn-active\"><\/i><i class=\"thsn-base-icon-star thsn-active\"><\/i><i class=\"thsn-base-icon-star thsn-active\"><\/i><i class=\"thsn-base-icon-star thsn-active\"><\/i><i class=\"thsn-base-icon-star thsn-active\"><\/i><\/div>\t\n\t\t<div class=\"themesion-box-author\">\n\t\t\t<h3 class=\"themesion-box-title\">Pepe RC<\/h3>\t\t\t\n\t\t\t<span class=\"thsn-designation\">Patient<\/span>\t\t<\/div>\n\t<\/div>\t\n<\/div><\/article><\/div><div class=\"thsn-ele thsn-testimonial-ele col-md-12\"><article class=\"themesion-ele themesion-ele-testimonial thsn-testimonial-style-5\"><div class=\"themesion-post-item\">\n\t<div class=\"themesion-box-content\">\t\n\t    <div class=\"themesion-box-img\"><\/div>\t\n\t\t<div class=\"themesion-box-desc\">\n\t\t\t<blockquote class=\"themesion-testimonial-text\"><p>Je suis patiente \u00e0 la clinique de Magmar depuis des ann\u00e9es, ils ont un traitement exceptionnel! Une \u00e9quipe fantastique. Je soulignerais la proximit\u00e9 et la confiance qu&#39;ils offrent. Ce sont de bons professionnels et de bonnes personnes !! Gr\u00e2ce \u00e0 eux et surtout \u00e0 mon m\u00e9decin, j&#39;ai surmont\u00e9 ma peur du dentiste. Merci beaucoup!!!!<\/p>\n<\/blockquote>\n\t\t<\/div>\t\n\t\t<div class=\"themesion-box-star-ratings\"><i class=\"thsn-base-icon-star thsn-active\"><\/i><i class=\"thsn-base-icon-star thsn-active\"><\/i><i class=\"thsn-base-icon-star thsn-active\"><\/i><i class=\"thsn-base-icon-star thsn-active\"><\/i><i class=\"thsn-base-icon-star thsn-active\"><\/i><\/div>\t\n\t\t<div class=\"themesion-box-author\">\n\t\t\t<h3 class=\"themesion-box-title\">Marina Rodriguez<\/h3>\t\t\t\n\t\t\t<span class=\"thsn-designation\">Patient<\/span>\t\t<\/div>\n\t<\/div>\t\n<\/div><\/article><\/div><div class=\"thsn-ele thsn-testimonial-ele col-md-12\"><article class=\"themesion-ele themesion-ele-testimonial thsn-testimonial-style-5\"><div class=\"themesion-post-item\">\n\t<div class=\"themesion-box-content\">\t\n\t    <div class=\"themesion-box-img\"><\/div>\t\n\t\t<div class=\"themesion-box-desc\">\n\t\t\t<blockquote class=\"themesion-testimonial-text\"><p>Le traitement par le personnel est excellent, mais je dois remercier la patience infinie et le professionnalisme de Victoria, le traitement avec mon enfant m\u00e9rite d&#39;\u00eatre mentionn\u00e9.<\/p>\n<\/blockquote>\n\t\t<\/div>\t\n\t\t<div class=\"themesion-box-star-ratings\"><i class=\"thsn-base-icon-star thsn-active\"><\/i><i class=\"thsn-base-icon-star thsn-active\"><\/i><i class=\"thsn-base-icon-star thsn-active\"><\/i><i class=\"thsn-base-icon-star thsn-active\"><\/i><i class=\"thsn-base-icon-star thsn-active\"><\/i><\/div>\t\n\t\t<div class=\"themesion-box-author\">\n\t\t\t<h3 class=\"themesion-box-title\">Rosa Marin Vilalta<\/h3>\t\t\t\n\t\t\t<span class=\"thsn-designation\">Patient<\/span>\t\t<\/div>\n\t<\/div>\t\n<\/div><\/article><\/div><\/div><\/div><!-- .themesion-element-inner -->   <\/div><!-- .themesion-element -->  [\/vc_column][\/vc_row][vc_row thsn-bg-color=\u00bblight\u00bb thsn-bg-image-color-order=\u00bbimage-over-color\u00bb full_width=\u00bbstretch_row\u00bb css=\u00bb.vc_custom_1597006277083{padding-bottom: 60px !important;background-position: 0 0 !important;background-repeat: repeat !important;}\u00bb][vc_column][vc_empty_space]<div  class=\"themesion-element themesion-element-blog thsn-element-blog-style-3 themesion-element-viewtype-row-column thsn-sortable-no\" data-show=\"3\" data-columns=\"3\" data-loop=\"false\" data-autoplay=\"false\" data-center=\"false\" data-nav=\"false\" data-dots=\"false\" data-autoplayspeed=\"1000\" data-margin=\"\"><div class=\"themesion-element-inner\"><div class=\"thsn-element-posts-wrapper row multi-columns-row\"><div class=\"thsn-ele thsn-blog-ele col-md-4\"><article class=\"themesion-ele themesion-ele-blog thsn-blogbox-style-3 post-14251 post type-post status-publish format-standard has-post-thumbnail hentry category-consejos-dentales tag-aftas tag-lengua\">\n\t<div class=\"post-item\">\n\t\t<div class=\"thsn-featured-container\">\n\t\t\t<div class=\"thsn-featured-wrapper\"><a href=\"https:\/\/dentalmagmar.es\/fr\/aftas-en-la-lengua-causas-y-riesgos\"><img width=\"770\" height=\"500\" src=\"https:\/\/dentalmagmar.es\/wp-content\/uploads\/2022\/06\/Disen\u0303o-sin-ti\u0301tulo-89-770x500.jpg\" class=\"attachment-thsn-img-770x500 size-thsn-img-770x500 wp-post-image\" alt=\"imagen de aftas en la lengua berango\" srcset=\"https:\/\/dentalmagmar.es\/wp-content\/uploads\/2022\/06\/Disen\u0303o-sin-ti\u0301tulo-89-770x500.jpg 770w, https:\/\/dentalmagmar.es\/wp-content\/uploads\/2022\/06\/Disen\u0303o-sin-ti\u0301tulo-89-16x9.jpg 16w\" sizes=\"(max-width: 770px) 100vw, 770px\" data-id=\"14252\" \/><\/a><\/div>\t\t\t<div class=\"thsn-meta-category\"><a href=\"https:\/\/dentalmagmar.es\/fr\/category\/consejos-dentales\" rel=\"category tag\">Conseils dentaires<\/a><\/div>\t\t\t\n\t\t<\/div>\n\t\t<div class=\"themesion-box-content\">\t\t\t\t\n\t\t\t<h3 class=\"thsn-post-title\"><a href=\"https:\/\/dentalmagmar.es\/fr\/aftas-en-la-lengua-causas-y-riesgos\">Aftas en la lengua: causas y riesgos<\/a><\/h3>\n\t\t\t <div class=\"themesion-box-desc\">\n\t\t\t\t<div class=\"themesion-box-desc-text\">\n\t\t\t\t\t<p>Las heridas bucales, para que reciban el nombre de aftas, deben ser superficiales: sin supuraci\u00f3n o cualquier otro signo de infecci\u00f3n.<\/p>\n \n\t\t\t\t<\/div>\t\t\t\t\n\t\t\t<\/div>\n\t\t\t<div class=\"thsn-meta-container\">\n\t\t\t\t<div class=\"thsn-meta-author-wrapper thsn-meta-line\">\t\t\t\t\t\n\t\t\t\t\t<a href=\"https:\/\/dentalmagmar.es\/fr\/author\/alvaro\" title=\"Posted by Cl\u00ednica Dental Magmar\" rel=\"author\"><i class=\"thsn-base-icon-user\"><\/i> par Magmar Dental Clinic<\/a>\n\t\t\t\t<\/div>\n\t\t\t\t<div class=\"thsn-meta-date-wrapper thsn-meta-line\">\t\t\t\t\t\n\t\t\t\t\t<div class=\"thsn-meta-date\"><i class=\"thsn-base-icon-calendar-1\"><\/i> 12 Juin, 2022<\/div>\n\t\t\t\t<\/div>\n\t\t\t\t<div class=\"thsn-meta-date-wrapper thsn-meta-line\">\t\n\t\t\t\t\t<i class=\"thsn-base-icon-comment-empty\"><\/i> <span class=\"thsn-meta thsn-meta-comments\">0<\/span> Commentaire\n\t\t\t\t<\/div>\n\t\t\t\t\t\t\t\t\n\t\t\t\t\t\t\t<\/div>\n\t\t<\/div>\n\t<\/div>\n<\/article><\/div><div class=\"thsn-ele thsn-blog-ele col-md-4\"><article class=\"themesion-ele themesion-ele-blog thsn-blogbox-style-3 post-14241 post type-post status-publish format-standard has-post-thumbnail hentry category-dental tag-berango tag-carillas-dentales tag-dental-magmar\">\n\t<div class=\"post-item\">\n\t\t<div class=\"thsn-featured-container\">\n\t\t\t<div class=\"thsn-featured-wrapper\"><a href=\"https:\/\/dentalmagmar.es\/fr\/portes-ouvertes-day-firstfit-2\"><img width=\"770\" height=\"500\" src=\"https:\/\/dentalmagmar.es\/wp-content\/uploads\/2022\/02\/Vivir-Experiencias-Reir-Aventuras-Comer-Deporte-Bienestar-animacio\u0301n-publicacio\u0301n-instagram-beige-violeta-azul-770x500.png\" class=\"attachment-thsn-img-770x500 size-thsn-img-770x500 wp-post-image\" alt=\"image des facettes dentaires first fit berango\" data-id=\"14242\" \/><\/a><\/div>\t\t\t<div class=\"thsn-meta-category\"><a href=\"https:\/\/dentalmagmar.es\/fr\/category\/dental\" rel=\"category tag\">Dentaire<\/a><\/div>\t\t\t\n\t\t<\/div>\n\t\t<div class=\"themesion-box-content\">\t\t\t\t\n\t\t\t<h3 class=\"thsn-post-title\"><a href=\"https:\/\/dentalmagmar.es\/fr\/portes-ouvertes-day-firstfit-2\">Journ\u00e9e portes ouvertes FirstFit\u00ae<\/a><\/h3>\n\t\t\t <div class=\"themesion-box-desc\">\n\t\t\t\t<div class=\"themesion-box-desc-text\">\n\t\t\t\t\tAs\u00ed fue nuestra jornada de puertas abiertas de Carillas Dentales FirstFit\u00ae en Dental Magmar - Un tiempo promedio de tratamiento de 5 veces menos que las carillas tradicionales. - M\u00e1xima\u2026 \n\t\t\t\t<\/div>\t\t\t\t\n\t\t\t<\/div>\n\t\t\t<div class=\"thsn-meta-container\">\n\t\t\t\t<div class=\"thsn-meta-author-wrapper thsn-meta-line\">\t\t\t\t\t\n\t\t\t\t\t<a href=\"https:\/\/dentalmagmar.es\/fr\/author\/alvaro\" title=\"Posted by Cl\u00ednica Dental Magmar\" rel=\"author\"><i class=\"thsn-base-icon-user\"><\/i> par Magmar Dental Clinic<\/a>\n\t\t\t\t<\/div>\n\t\t\t\t<div class=\"thsn-meta-date-wrapper thsn-meta-line\">\t\t\t\t\t\n\t\t\t\t\t<div class=\"thsn-meta-date\"><i class=\"thsn-base-icon-calendar-1\"><\/i> 24 F\u00e9v, 2022<\/div>\n\t\t\t\t<\/div>\n\t\t\t\t<div class=\"thsn-meta-date-wrapper thsn-meta-line\">\t\n\t\t\t\t\t<i class=\"thsn-base-icon-comment-empty\"><\/i> <span class=\"thsn-meta thsn-meta-comments\">0<\/span> Commentaire\n\t\t\t\t<\/div>\n\t\t\t\t\t\t\t\t\n\t\t\t\t\t\t\t<\/div>\n\t\t<\/div>\n\t<\/div>\n<\/article><\/div><div class=\"thsn-ele thsn-blog-ele col-md-4\"><article class=\"themesion-ele themesion-ele-blog thsn-blogbox-style-3 post-14200 post type-post status-publish format-standard has-post-thumbnail hentry category-consejos-dentales\">\n\t<div class=\"post-item\">\n\t\t<div class=\"thsn-featured-container\">\n\t\t\t<div class=\"thsn-featured-wrapper\"><a href=\"https:\/\/dentalmagmar.es\/fr\/tipos-de-protesis-dentales\"><img width=\"770\" height=\"500\" src=\"https:\/\/dentalmagmar.es\/wp-content\/uploads\/2021\/05\/protesis-clinica-dental-magmar-berango-770x500.jpeg\" class=\"attachment-thsn-img-770x500 size-thsn-img-770x500 wp-post-image\" alt=\"\" srcset=\"https:\/\/dentalmagmar.es\/wp-content\/uploads\/2021\/05\/protesis-clinica-dental-magmar-berango-770x500.jpeg 770w, https:\/\/dentalmagmar.es\/wp-content\/uploads\/2021\/05\/protesis-clinica-dental-magmar-berango-16x9.jpeg 16w\" sizes=\"(max-width: 770px) 100vw, 770px\" data-id=\"14201\" \/><\/a><\/div>\t\t\t<div class=\"thsn-meta-category\"><a href=\"https:\/\/dentalmagmar.es\/fr\/category\/consejos-dentales\" rel=\"category tag\">Conseils dentaires<\/a><\/div>\t\t\t\n\t\t<\/div>\n\t\t<div class=\"themesion-box-content\">\t\t\t\t\n\t\t\t<h3 class=\"thsn-post-title\"><a href=\"https:\/\/dentalmagmar.es\/fr\/tipos-de-protesis-dentales\">TYPES DE PROTH\u00c8SES DENTAIRES<\/a><\/h3>\n\t\t\t <div class=\"themesion-box-desc\">\n\t\t\t\t<div class=\"themesion-box-desc-text\">\n\t\t\t\t\t<p>Nous vous expliquerons les types de proth\u00e8ses dentaires les plus courants.<\/p>\n \n\t\t\t\t<\/div>\t\t\t\t\n\t\t\t<\/div>\n\t\t\t<div class=\"thsn-meta-container\">\n\t\t\t\t<div class=\"thsn-meta-author-wrapper thsn-meta-line\">\t\t\t\t\t\n\t\t\t\t\t<a href=\"https:\/\/dentalmagmar.es\/fr\/author\/alvaro\" title=\"Posted by Cl\u00ednica Dental Magmar\" rel=\"author\"><i class=\"thsn-base-icon-user\"><\/i> par Magmar Dental Clinic<\/a>\n\t\t\t\t<\/div>\n\t\t\t\t<div class=\"thsn-meta-date-wrapper thsn-meta-line\">\t\t\t\t\t\n\t\t\t\t\t<div class=\"thsn-meta-date\"><i class=\"thsn-base-icon-calendar-1\"><\/i> 06 mai 2021<\/div>\n\t\t\t\t<\/div>\n\t\t\t\t<div class=\"thsn-meta-date-wrapper thsn-meta-line\">\t\n\t\t\t\t\t<i class=\"thsn-base-icon-comment-empty\"><\/i> <span class=\"thsn-meta thsn-meta-comments\">0<\/span> Commentaire\n\t\t\t\t<\/div>\n\t\t\t\t\t\t\t\t\n\t\t\t\t\t\t\t<\/div>\n\t\t<\/div>\n\t<\/div>\n<\/article><\/div><\/div><\/div><!-- .themesion-element-inner -->   <\/div><!-- .themesion-element -->  [\/ vc_column] [\/ vc_row]<\/p>","protected":false},"excerpt":{"rendered":"<p>[vc_row thsn-bg-color=\u00bbwhite\u00bb thsn-extended-column=\u00bbfirst\u00bb thsn-extended-bg-image-position=\u00bbright-top\u00bb thsn-extended-bg-image-repeat=\u00bby\u00bb full_width=\u00bbstretch_row\u00bb content_placement=\u00bbmiddle\u00bb css=\u00bb.vc_custom_1563442572054{padding-top: 90px !important;padding-bottom: 40px !important;}\u00bb thsn-first-col-bg-image=\u00bb9037&#8243; thsn-responsive-css=\u00bb61836986|colbreak_no|||||||||colbreak_yes|||||||||colbreak_no||||||||||colbreak_no|||||||||\u00bb][vc_column thsn-responsive-css=\u00bb83513971|colbreak_no|||||||||colbreak_no||0|||||||colbreak_no||||||||||colbreak_no|||||||||\u00bb][vc_row_inner content_placement=\u00bbmiddle\u00bb][vc_column_inner width=\u00bb5\/12&#8243;][\/vc_column_inner][vc_column_inner width=\u00bb7\/12&#8243;][vc_column_text]Nuestra Cl\u00ednica Dental &amp; Est\u00e9tica en Traves\u00eda Sabino Arana, 2, 4\u00baD, Berango, se caracteriza por componerse de un equipo multidisciplinar, profesional y cercano. Contamos con una tecnolog\u00eda actualizada y l\u00edder del sector. Queremos ser tus dentistas de confianza.[\/vc_column_text][\/vc_column_inner][\/vc_row_inner][vc_row_inner][vc_column_inner [&hellip;]<\/p>","protected":false},"author":1,"featured_media":0,"parent":0,"menu_order":7,"comment_status":"closed","ping_status":"closed","template":"","meta":[],"yst_prominent_words":[99,162,136,536,229,518,473,84,88],"acf":[],"_links":{"self":[{"href":"https:\/\/dentalmagmar.es\/fr\/wp-json\/wp\/v2\/pages\/9207"}],"collection":[{"href":"https:\/\/dentalmagmar.es\/fr\/wp-json\/wp\/v2\/pages"}],"about":[{"href":"https:\/\/dentalmagmar.es\/fr\/wp-json\/wp\/v2\/types\/page"}],"author":[{"embeddable":true,"href":"https:\/\/dentalmagmar.es\/fr\/wp-json\/wp\/v2\/users\/1"}],"replies":[{"embeddable":true,"href":"https:\/\/dentalmagmar.es\/fr\/wp-json\/wp\/v2\/comments?post=9207"}],"version-history":[{"count":0,"href":"https:\/\/dentalmagmar.es\/fr\/wp-json\/wp\/v2\/pages\/9207\/revisions"}],"wp:attachment":[{"href":"https:\/\/dentalmagmar.es\/fr\/wp-json\/wp\/v2\/media?parent=9207"}],"wp:term":[{"taxonomy":"yst_prominent_words","embeddable":true,"href":"https:\/\/dentalmagmar.es\/fr\/wp-json\/wp\/v2\/yst_prominent_words?post=9207"}],"curies":[{"name":"wp","href":"https:\/\/api.w.org\/{rel}","templated":true}]}}