{"id":13452,"date":"2020-06-17T11:16:33","date_gmt":"2020-06-17T11:16:33","guid":{"rendered":"http:\/\/dentalmagmar.es\/?page_id=13452"},"modified":"2020-06-17T11:54:03","modified_gmt":"2020-06-17T11:54:03","slug":"evento-ortodoncia","status":"publish","type":"page","link":"https:\/\/dentalmagmar.es\/fr\/orthodontie-evenementielle","title":{"rendered":"\u00c9v\u00e9nement orthodontique"},"content":{"rendered":"<p>[vc_row thsn-responsive-css=\u00bb44833827|colbreak_no|||||||||colbreak_yes|||||||||colbreak_yes||||||||||colbreak_no|||||||||\u00bb][vc_column css=\u00bb.vc_custom_1586812009507{margin-top: 50px !important;}\u00bb offset=\u00bbvc_hidden-md vc_hidden-sm vc_hidden-xs\u00bb][vc_empty_space height=\u00bb42px\u00bb][\/vc_column][\/vc_row][vc_row full_width=\u00bbstretch_row_content\u00bb full_height=\u00bbyes\u00bb content_placement=\u00bbmiddle\u00bb thsn-responsive-css=\u00bb74199442|colbreak_no|||||||||colbreak_no|||||||||colbreak_no||||||||||colbreak_no|||||||||\u00bb css=\u00bb.vc_custom_1590361172466{margin-top: 80px !important;}\u00bb][vc_column]\n\t\t\t<!-- START \u00c1cido Hialur\u00f3nico evento REVOLUTION SLIDER 6.1.5 --><p class=\"rs-p-wp-fix\"><\/p>\n\t\t\t<rs-module-wrap id=\"rev_slider_41_1_wrapper\" data-source=\"gallery\" style=\"background:rgba(0,0,0,0.51);padding:0;margin:0px auto;margin-top:0;margin-bottom:0;\">\n\t\t\t\t<rs-module id=\"rev_slider_41_1\" style=\"display:none;\" data-version=\"6.1.5\">\n\t\t\t\t\t<rs-slides>\n\t\t\t\t\t\t<rs-slide data-key=\"rs-102\" data-title=\"INVISALIGN\" data-anim=\"ei:d;eo:d;s:600;r:0;t:fade;sl:7;\" data-firstanim=\"t:fade;sl:7;\" data-p1=\"01\">\n\t\t\t\t\t\t\t<img src=\"\/\/dentalmagmar.es\/wp-content\/uploads\/2020\/06\/evento-ortodoncia-invisible-y-brackets.jpg\" title=\"accolades invisibles et \u00e9v\u00e9nement orthodontique\" width=\"1596\" height=\"712\" data-parallax=\"5\" class=\"rev-slidebg\" data-no-retina>\n<!--\n\t\t\t\t\t\t\t--><rs-layer\n\t\t\t\t\t\t\t\tid=\"slider-41-slide-102-layer-1\" \n\t\t\t\t\t\t\t\tclass=\"Sports-Display rs-selectable\"\n\t\t\t\t\t\t\t\tdata-type=\"text\"\n\t\t\t\t\t\t\t\tdata-color=\"rgba(255,255,255,1)\"\n\t\t\t\t\t\t\t\tdata-rsp_ch=\"on\"\n\t\t\t\t\t\t\t\tdata-xy=\"x:c;xo:-101px,-101px,0,-13px;y:m;yo:-78px,-78px,-190px,-80px;\"\n\t\t\t\t\t\t\t\tdata-text=\"s:40,40,130,16;l:130,130,130,100;ls:13px,13px,13px,0px;fw:900,900,100,800;a:center;\"\n\t\t\t\t\t\t\t\tdata-dim=\"w:1119px,1119px,auto,433px;\"\n\t\t\t\t\t\t\t\tdata-vbility=\"f,f,t,t\"\n\t\t\t\t\t\t\t\tdata-padding=\"r:50;\"\n\t\t\t\t\t\t\t\tdata-frame_0=\"sX:1.5;sY:1.5;tp:600;\"\n\t\t\t\t\t\t\t\tdata-frame_1=\"tp:600;st:750;sp:2000;\"\n\t\t\t\t\t\t\t\tdata-frame_999=\"y:100%;tp:600;e:nothing;st:w;sp:1000;\"\n\t\t\t\t\t\t\t\tdata-frame_999_mask=\"u:t;\"\n\t\t\t\t\t\t\t\tstyle=\"z-index:11;font-family:Raleway;\"\n\t\t\t\t\t\t\t>\u00c9VALUATION ET DIAGNOSTIC GRATUITS | ORTHODONTIE \n\t\t\t\t\t\t\t<\/rs-layer><!--\n\n\t\t\t\t\t\t\t--><rs-layer\n\t\t\t\t\t\t\t\tid=\"slider-41-slide-102-layer-2\" \n\t\t\t\t\t\t\t\tclass=\"Sports-DisplayFat rs-selectable\"\n\t\t\t\t\t\t\t\tdata-type=\"text\"\n\t\t\t\t\t\t\t\tdata-color=\"#47a393||#47a393||rgba(255,255,255,1)||rgba(255,255,255,1)\"\n\t\t\t\t\t\t\t\tdata-rsp_ch=\"on\"\n\t\t\t\t\t\t\t\tdata-xy=\"x:c;xo:2px,2px,0,4px;y:m;yo:-194px,-194px,-68px,-141px;\"\n\t\t\t\t\t\t\t\tdata-text=\"s:62,62,130,20;l:130,130,130,100;fw:900;\"\n\t\t\t\t\t\t\t\tdata-vbility=\"f,f,t,t\"\n\t\t\t\t\t\t\t\tdata-frame_0=\"sX:1.5;sY:1.5;tp:600;\"\n\t\t\t\t\t\t\t\tdata-frame_1=\"tp:600;st:1000;sp:2000;\"\n\t\t\t\t\t\t\t\tdata-frame_999=\"y:100%;tp:600;e:nothing;st:w;sp:1000;\"\n\t\t\t\t\t\t\t\tdata-frame_999_mask=\"u:t;\"\n\t\t\t\t\t\t\t\tstyle=\"z-index:13;font-family:Raleway;\"\n\t\t\t\t\t\t\t>\u00c9V\u00c9NEMENT: ORTHODONTIE: ESTH\u00c9TIQUE ET SANT\u00c9 \n\t\t\t\t\t\t\t<\/rs-layer><!--\n\n\t\t\t\t\t\t\t--><rs-layer\n\t\t\t\t\t\t\t\tid=\"slider-41-slide-102-layer-3\" \n\t\t\t\t\t\t\t\tclass=\"rs-selectable\"\n\t\t\t\t\t\t\t\tdata-type=\"image\"\n\t\t\t\t\t\t\t\tdata-rsp_ch=\"on\"\n\t\t\t\t\t\t\t\tdata-xy=\"x:c;xo:-1px,-1px,0,0;y:m;yo:23px,23px,50px,40px;\"\n\t\t\t\t\t\t\t\tdata-text=\"l:22;\"\n\t\t\t\t\t\t\t\tdata-dim=\"w:1240px,1240px,500px,420px;h:['45px','45px','45px','45px'];\"\n\t\t\t\t\t\t\t\tdata-vbility=\"t,t,f,f\"\n\t\t\t\t\t\t\t\tdata-frame_0=\"sX:0.8;sY:0.8;tp:600;\"\n\t\t\t\t\t\t\t\tdata-frame_1=\"tp:600;st:1250;sp:1500;\"\n\t\t\t\t\t\t\t\tdata-frame_999=\"y:100%;tp:600;e:nothing;st:w;sp:1000;\"\n\t\t\t\t\t\t\t\tdata-frame_999_mask=\"u:t;\"\n\t\t\t\t\t\t\t\tstyle=\"z-index:14;\"\n\t\t\t\t\t\t\t><img src=\"\/\/dentalmagmar.es\/wp-content\/uploads\/2020\/03\/sports_sublinebg.png\" data-no-retina> \n\t\t\t\t\t\t\t<\/rs-layer><!--\n\n\t\t\t\t\t\t\t--><rs-layer\n\t\t\t\t\t\t\t\tid=\"slider-41-slide-102-layer-4\" \n\t\t\t\t\t\t\t\tclass=\"Sports-Subline rs-selectable\"\n\t\t\t\t\t\t\t\tdata-type=\"text\"\n\t\t\t\t\t\t\t\tdata-color=\"rgba(0,0,0,1)\"\n\t\t\t\t\t\t\t\tdata-rsp_ch=\"on\"\n\t\t\t\t\t\t\t\tdata-xy=\"x:c;xo:-48px,-48px,0,0;y:m;yo:24px,24px,51px,41px;\"\n\t\t\t\t\t\t\t\tdata-text=\"s:25,25,30,25;l:30;ls:3px;fw:600,600,400,400;\"\n\t\t\t\t\t\t\t\tdata-dim=\"w:1110px,1110px,auto,auto;\"\n\t\t\t\t\t\t\t\tdata-vbility=\"t,t,f,f\"\n\t\t\t\t\t\t\t\tdata-frame_0=\"o:1;tp:600;\"\n\t\t\t\t\t\t\t\tdata-frame_0_chars=\"sX:0.8;sY:0.8;o:0;\"\n\t\t\t\t\t\t\t\tdata-frame_1=\"tp:600;e:Power4.easeOut;st:1500;sp:1500;\"\n\t\t\t\t\t\t\t\tdata-frame_999=\"y:100%;tp:600;e:nothing;st:w;sp:1000;\"\n\t\t\t\t\t\t\t\tdata-frame_999_mask=\"u:t;\"\n\t\t\t\t\t\t\t\tstyle=\"z-index:15;font-family:Raleway;\"\n\t\t\t\t\t\t\t>ORTHODONTIE INVISIBLE INVISALIGN\u00ae OU SUPPORTS CONVENTIONNELS ORTHODONTIE \n\t\t\t\t\t\t\t<\/rs-layer><!--\n\n\t\t\t\t\t\t\t--><rs-layer\n\t\t\t\t\t\t\t\tid=\"slider-41-slide-102-layer-5\" \n\t\t\t\t\t\t\t\tclass=\"MarkerDisplay rs-selectable\"\n\t\t\t\t\t\t\t\tdata-type=\"text\"\n\t\t\t\t\t\t\t\tdata-color=\"rgba(255,255,255,1)\"\n\t\t\t\t\t\t\t\tdata-rsp_ch=\"on\"\n\t\t\t\t\t\t\t\tdata-xy=\"x:c;xo:223px,180px,0,-3px;y:b;yo:83px,42px,20px,154px;\"\n\t\t\t\t\t\t\t\tdata-text=\"s:30,15,15,13;l:22;\"\n\t\t\t\t\t\t\t\tdata-dim=\"h:31px,auto,auto,auto;\"\n\t\t\t\t\t\t\t\tdata-border=\"bor:0px,0px,30px,30px;\"\n\t\t\t\t\t\t\t\tdata-frame_0=\"y:-30px;o:1;tp:600;\"\n\t\t\t\t\t\t\t\tdata-frame_1=\"tp:600;e:Power3.easeOut;st:3500;sp:1500;\"\n\t\t\t\t\t\t\t\tdata-frame_999=\"st:w;sp:1000;auto:true;\"\n\t\t\t\t\t\t\t\tdata-loop_999=\"y:3;sp:2000;e:Power3.easeInOut;yym:t;yys:t;yyf:t;\"\n\t\t\t\t\t\t\t\tstyle=\"z-index:16;font-family:Permanent Marker;\"\n\t\t\t\t\t\t\t><i class=\"fa-arrow-up\"><\/i> VOUS OBTIENDREZ VOTRE MEILLEUR SOURIRE \n\t\t\t\t\t\t\t<\/rs-layer><!--\n\n\t\t\t\t\t\t\t--><rs-layer\n\t\t\t\t\t\t\t\tid=\"slider-41-slide-102-layer-6\" \n\t\t\t\t\t\t\t\tclass=\"rev-btn rev-bordered rs-selectable\"\n\t\t\t\t\t\t\t\tdata-type=\"text\"\n\t\t\t\t\t\t\t\tdata-color=\"rgba(255,255,255,1)\"\n\t\t\t\t\t\t\t\tdata-xy=\"x:c;xo:-371px,-180px,0,-9px;y:b;yo:171px,70px,115px,275px;\"\n\t\t\t\t\t\t\t\tdata-text=\"s:17;l:17;ls:2px;fw:900,600,600,600;\"\n\t\t\t\t\t\t\t\tdata-actions='o:click;a:scrollbelow;sp:1000ms;e:Power1.easeInOut;'\n\t\t\t\t\t\t\t\tdata-rsp_o=\"off\"\n\t\t\t\t\t\t\t\tdata-rsp_bd=\"off\"\n\t\t\t\t\t\t\t\tdata-padding=\"t:12;r:35;b:12;l:35;\"\n\t\t\t\t\t\t\t\tdata-border=\"bos:solid;boc:rgba(255,255,255,0.50);bow:2,2,2,2;\"\n\t\t\t\t\t\t\t\tdata-frame_0=\"x:100%;o:1;tp:600;\"\n\t\t\t\t\t\t\t\tdata-frame_0_mask=\"u:t;\"\n\t\t\t\t\t\t\t\tdata-frame_1=\"tp:600;st:2500;sp:1500;\"\n\t\t\t\t\t\t\t\tdata-frame_1_mask=\"u:t;\"\n\t\t\t\t\t\t\t\tdata-frame_999=\"x:100%;tp:600;st:w;sp:1000;\"\n\t\t\t\t\t\t\t\tdata-frame_999_mask=\"u:t;\"\n\t\t\t\t\t\t\t\tdata-frame_hover=\"boc:#fff;bor:0px,0px,0px,0px;bos:solid;bow:2,2,2,2;oX:50;oY:50;sp:500;\"\n\t\t\t\t\t\t\t\tstyle=\"z-index:17;font-family:Raleway;\"\n\t\t\t\t\t\t\t>CONTINUER \u00c0 LIRE \n\t\t\t\t\t\t\t<\/rs-layer><!--\n\n\t\t\t\t\t\t\t--><rs-layer\n\t\t\t\t\t\t\t\tid=\"slider-41-slide-102-layer-7\" \n\t\t\t\t\t\t\t\tclass=\"rev-btn rev-bordered rs-selectable\"\n\t\t\t\t\t\t\t\tdata-type=\"text\"\n\t\t\t\t\t\t\t\tdata-color=\"rgba(255,255,255,1)\"\n\t\t\t\t\t\t\t\tdata-xy=\"x:c;xo:151px,180px,0,-4px;y:b;yo:168px,70px,50px,207px;\"\n\t\t\t\t\t\t\t\tdata-text=\"s:17,17,17,15;l:17;ls:2px;fw:900,600,600,600;\"\n\t\t\t\t\t\t\t\tdata-actions='o:click;a:scrollbelow;sp:1000ms;e:Power1.easeInOut;'\n\t\t\t\t\t\t\t\tdata-rsp_o=\"off\"\n\t\t\t\t\t\t\t\tdata-rsp_bd=\"off\"\n\t\t\t\t\t\t\t\tdata-padding=\"t:12;r:35;b:12;l:35;\"\n\t\t\t\t\t\t\t\tdata-border=\"bos:solid;bow:2px,2px,2px,2px;\"\n\t\t\t\t\t\t\t\tdata-frame_0=\"x:-100%;o:1;tp:600;\"\n\t\t\t\t\t\t\t\tdata-frame_0_mask=\"u:t;\"\n\t\t\t\t\t\t\t\tdata-frame_1=\"tp:600;st:2500;sp:1500;\"\n\t\t\t\t\t\t\t\tdata-frame_1_mask=\"u:t;\"\n\t\t\t\t\t\t\t\tdata-frame_999=\"x:-100%;tp:600;st:w;sp:1000;\"\n\t\t\t\t\t\t\t\tdata-frame_999_mask=\"u:t;\"\n\t\t\t\t\t\t\t\tdata-frame_hover=\"bgc:#000;boc:#000;bor:0px,0px,0px,0px;bos:solid;bow:2,2,2,2;oX:50;oY:50;sp:500;\"\n\t\t\t\t\t\t\t\tstyle=\"z-index:18;background-color:#014c81;font-family:Raleway;\"\n\t\t\t\t\t\t\t>INSCRIVEZ-VOUS MAINTENANT \u00c0 CET \u00c9V\u00c9NEMENT SP\u00c9CIAL! \n\t\t\t\t\t\t\t<\/rs-layer><!--\n\n\t\t\t\t\t\t\t--><rs-layer\n\t\t\t\t\t\t\t\tid=\"slider-41-slide-102-layer-9\" \n\t\t\t\t\t\t\t\tclass=\"rs-selectable\"\n\t\t\t\t\t\t\t\tdata-type=\"shape\"\n\t\t\t\t\t\t\t\tdata-rsp_ch=\"on\"\n\t\t\t\t\t\t\t\tdata-xy=\"xo:-1374px,-1134px,-861px,-531px;yo:-15px,-12px,-9px,-4px;\"\n\t\t\t\t\t\t\t\tdata-text=\"w:normal;s:20,16,12,7;l:0,20,15,9;\"\n\t\t\t\t\t\t\t\tdata-dim=\"w:4766px,3935px,2989px,1844px;h:624px,515px,391px,985px;\"\n\t\t\t\t\t\t\t\tdata-vbility=\"f,f,t,t\"\n\t\t\t\t\t\t\t\tdata-frame_999=\"o:0;st:w;\"\n\t\t\t\t\t\t\t\tstyle=\"z-index:9;background-color:rgba(0,0,0,0.35);\"\n\t\t\t\t\t\t\t> \n\t\t\t\t\t\t\t<\/rs-layer><!--\n\n\t\t\t\t\t\t\t--><rs-layer\n\t\t\t\t\t\t\t\tid=\"slider-41-slide-102-layer-10\" \n\t\t\t\t\t\t\t\tclass=\"Sports-DisplayFat rs-selectable\"\n\t\t\t\t\t\t\t\tdata-type=\"text\"\n\t\t\t\t\t\t\t\tdata-color=\"#ffffff||#ffffff||rgba(255,255,255,1)||rgba(255,255,255,1)\"\n\t\t\t\t\t\t\t\tdata-rsp_ch=\"on\"\n\t\t\t\t\t\t\t\tdata-xy=\"x:c;xo:-1px,-1px,0,-2px;y:m;yo:-197px,-197px,-68px,-48px;\"\n\t\t\t\t\t\t\t\tdata-text=\"s:50,50,130,100;l:130,130,130,100;fw:900;a:center;\"\n\t\t\t\t\t\t\t\tdata-dim=\"w:1237px,1237px,auto,auto;\"\n\t\t\t\t\t\t\t\tdata-vbility=\"t,t,f,f\"\n\t\t\t\t\t\t\t\tdata-frame_0=\"sX:1.5;sY:1.5;tp:600;\"\n\t\t\t\t\t\t\t\tdata-frame_1=\"tp:600;st:1000;sp:2000;\"\n\t\t\t\t\t\t\t\tdata-frame_999=\"y:100%;tp:600;e:nothing;st:w;sp:1000;\"\n\t\t\t\t\t\t\t\tdata-frame_999_mask=\"u:t;\"\n\t\t\t\t\t\t\t\tstyle=\"z-index:12;font-family:Raleway;\"\n\t\t\t\t\t\t\t>\u00c9V\u00c9NEMENT ORTHODONTIQUE: ESTH\u00c9TIQUE ET SANT\u00c9 \n\t\t\t\t\t\t\t<\/rs-layer><!--\n\n\t\t\t\t\t\t\t--><rs-layer\n\t\t\t\t\t\t\t\tid=\"slider-41-slide-102-layer-11\" \n\t\t\t\t\t\t\t\tclass=\"Sports-Display rs-selectable\"\n\t\t\t\t\t\t\t\tdata-type=\"text\"\n\t\t\t\t\t\t\t\tdata-color=\"rgba(255,255,255,1)\"\n\t\t\t\t\t\t\t\tdata-rsp_ch=\"on\"\n\t\t\t\t\t\t\t\tdata-xy=\"x:c;xo:27px,27px,0,0;y:m;yo:-83px,-83px,-190px,-140px;\"\n\t\t\t\t\t\t\t\tdata-text=\"s:30,30,130,100;l:130,130,130,100;ls:8px;fw:900,900,100,100;a:center;\"\n\t\t\t\t\t\t\t\tdata-dim=\"w:1265px,1265px,auto,auto;\"\n\t\t\t\t\t\t\t\tdata-vbility=\"t,t,f,f\"\n\t\t\t\t\t\t\t\tdata-padding=\"r:50;\"\n\t\t\t\t\t\t\t\tdata-frame_0=\"sX:1.5;sY:1.5;tp:600;\"\n\t\t\t\t\t\t\t\tdata-frame_1=\"tp:600;st:750;sp:2000;\"\n\t\t\t\t\t\t\t\tdata-frame_999=\"y:100%;tp:600;e:nothing;st:w;sp:1000;\"\n\t\t\t\t\t\t\t\tdata-frame_999_mask=\"u:t;\"\n\t\t\t\t\t\t\t\tstyle=\"z-index:10;font-family:Raleway;\"\n\t\t\t\t\t\t\t>\u00c9VALUATION ET DIAGNOSTIC GRATUITS | ORTHODONTIE \n\t\t\t\t\t\t\t<\/rs-layer><!--\n\n\t\t\t\t\t\t\t--><rs-layer\n\t\t\t\t\t\t\t\tid=\"slider-41-slide-102-layer-12\" \n\t\t\t\t\t\t\t\tclass=\"rs-selectable\"\n\t\t\t\t\t\t\t\tdata-type=\"shape\"\n\t\t\t\t\t\t\t\tdata-rsp_ch=\"on\"\n\t\t\t\t\t\t\t\tdata-xy=\"xo:-1374px,-1134px,-861px,-531px;yo:-15px,-12px,-9px,-5px;\"\n\t\t\t\t\t\t\t\tdata-text=\"w:normal;s:20,16,12,7;l:0,20,15,9;\"\n\t\t\t\t\t\t\t\tdata-dim=\"w:4766px,3935px,2989px,1844px;h:624px,515px,391px,241px;\"\n\t\t\t\t\t\t\t\tdata-vbility=\"t,t,f,f\"\n\t\t\t\t\t\t\t\tdata-frame_999=\"o:0;st:w;\"\n\t\t\t\t\t\t\t\tstyle=\"z-index:8;background-color:rgba(0,0,0,0.35);\"\n\t\t\t\t\t\t\t> \n\t\t\t\t\t\t\t<\/rs-layer><!--\n-->\t\t\t\t\t\t<\/rs-slide>\n\t\t\t\t\t<\/rs-slides>\n\t\t\t\t\t<rs-static-layers><!--\n\t\t\t\t\t--><\/rs-static-layers>\n\t\t\t\t\t<rs-progress class=\"rs-bottom\" style=\"visibility: hidden !important;\"><\/rs-progress>\n\t\t\t\t<\/rs-module>\n\t\t\t\t<script type=\"text\/javascript\">\n\t\t\t\t\tsetREVStartSize({c: 'rev_slider_41_1',rl:[1240,1024,778,480],el:[590,640,640,640],gw:[1240,1024,778,480],gh:[590,640,640,640],layout:'fullwidth',mh:\"0\"});\n\t\t\t\t\tvar\trevapi41,\n\t\t\t\t\t\ttpj;\n\t\t\t\t\tjQuery(function() {\n\t\t\t\t\t\ttpj = jQuery;\n\t\t\t\t\t\tif(tpj(\"#rev_slider_41_1\").revolution == undefined){\n\t\t\t\t\t\t\trevslider_showDoubleJqueryError(\"#rev_slider_41_1\");\n\t\t\t\t\t\t}else{\n\t\t\t\t\t\t\trevapi41 = tpj(\"#rev_slider_41_1\").show().revolution({\n\t\t\t\t\t\t\t\tjsFileLocation:\"\/\/dentalmagmar.es\/wp-content\/plugins\/revslider\/public\/assets\/js\/\",\n\t\t\t\t\t\t\t\tsliderLayout:\"fullwidth\",\n\t\t\t\t\t\t\t\tvisibilityLevels:\"1240,1024,778,480\",\n\t\t\t\t\t\t\t\tgridwidth:\"1240,1024,778,480\",\n\t\t\t\t\t\t\t\tgridheight:\"590,640,640,640\",\n\t\t\t\t\t\t\t\tminHeight:\"\",\n\t\t\t\t\t\t\t\teditorheight:\"590,640,640,640\",\n\t\t\t\t\t\t\t\tresponsiveLevels:\"1240,1024,778,480\",\n\t\t\t\t\t\t\t\tdisableProgressBar:\"on\",\n\t\t\t\t\t\t\t\tshadow:2,\n\t\t\t\t\t\t\t\tnavigation: {\n\t\t\t\t\t\t\t\t\tmouseScrollNavigation:false,\n\t\t\t\t\t\t\t\t\tonHoverStop:false,\n\t\t\t\t\t\t\t\t\ttouch: {\n\t\t\t\t\t\t\t\t\t\ttouchenabled:true,\n\t\t\t\t\t\t\t\t\t\tswipe_min_touches:50\n\t\t\t\t\t\t\t\t\t}\n\t\t\t\t\t\t\t\t},\n\t\t\t\t\t\t\t\tparallax: {\n\t\t\t\t\t\t\t\t\tlevels:[5,10,15,20,25,30,35,40,45,50,47,48,49,50,51,30],\n\t\t\t\t\t\t\t\t\ttype:\"scroll\"\n\t\t\t\t\t\t\t\t},\n\t\t\t\t\t\t\t\tfallbacks: {\n\t\t\t\t\t\t\t\t\tignoreHeightChanges:\"\",\n\t\t\t\t\t\t\t\t\tallowHTML5AutoPlayOnAndroid:true\n\t\t\t\t\t\t\t\t},\n\t\t\t\t\t\t\t});\n\t\t\t\t\t\t}\n\t\t\t\t\t\t\n\t\t\t\t\t});\n\t\t\t\t<\/script>\n\t\t\t<\/rs-module-wrap>\n\t\t\t<!-- END REVOLUTION SLIDER -->\n[\/vc_column][\/vc_row][vc_row thsn-bg-color=\u00bbwhite\u00bb css=\u00bb.vc_custom_1563016913168{border-bottom-width: 1px !important;padding-top: 40px !important;padding-bottom: 30px !important;border-bottom-color: #e5e8ef !important;border-bottom-style: solid !important;}\u00bb][vc_column width=\u00bb1\/3&#8243;][\/vc_column][vc_column width=\u00bb1\/3&#8243;][\/vc_column][vc_column thsn-bg-image-position=\u00bbcenter-center\u00bb width=\u00bb1\/3&#8243;][vc_empty_space height=\u00bb14px\u00bb][vc_raw_html]JTNDY2VudGVyJTNFJTIwJTVCbGF0ZXBvaW50X2Jvb2tfYnV0dG9uJTVEJTIwJTNDJTJGY2VudGVyJTNF[\/vc_raw_html][\/vc_column][\/vc_row][vc_row thsn-bg-color=\u00bbwhite\u00bb content_placement=\u00bbmiddle\u00bb][vc_column width=\u00bb1\/2&#8243; css=\u00bb.vc_custom_1563017384187{padding-right: 60px !important;}\u00bb][vc_empty_space][vc_custom_heading text=\u00bb\u00bfC\u00f3mo Reservo mi Sesi\u00f3n Informativa?\u00bb font_container=\u00bbtag:h6|font_size:20px|text_align:left|line_height:30px\u00bb use_theme_fonts=\u00bbyes\u00bb][vc_column_text]<\/p>\n<ul>\n<li>Clique sur le <strong>Bouton &quot;Demander un rendez-vous en ligne&quot;<\/strong> situ\u00e9 sur cette page.<\/li>\n<li>S\u00e9lectionnez le <strong>option \u00abInvisalign\u00ae Event &amp; Brackets\u00bb<\/strong><\/li>\n<li>S\u00e9lectionnez si vous souhaitez venir en compagnie, <strong>Vous pouvez venir avec jusqu&#39;\u00e0 3 membres de votre famille ou amis.<\/strong><\/li>\n<li>S\u00e9lectionnez Soto-Yarritu &amp; Rodero<\/li>\n<li>S\u00e9lectionnez le <strong>1er juillet<\/strong>\u00a0(jour de l&#39;\u00e9v\u00e9nement) et <strong>choisissez le temps disponible<\/strong> vous pr\u00e9f\u00e9rez entre 9h30 et 20 heures. Places limit\u00e9es!<\/li>\n<li>Remplissez votre <strong>Informations personnelles<\/strong> et pr\u00eat! Nous vous attendons le 1er juillet 2020<\/li>\n<\/ul>\n<p>[\/vc_column_text][vc_empty_space][\/vc_column][vc_column width=\u00bb1\/2&#8243;][vc_empty_space][vc_single_image image=\u00bb13020&#8243; img_size=\u00bbfull\u00bb alignment=\u00bbright\u00bb el_class=\u00bbthsn-image-shadow-1 thsn-image-radius-1&#8243; css=\u00bb.vc_custom_1592392517474{margin-bottom: 0px !important;}\u00bb][vc_icon type=\u00bbthsn_dentiq_icon\u00bb icon_thsn_dentiq_icon=\u00bbthsn-dentiq-icon thsn-dentiq-icon-braces\u00bb background_style=\u00bbrounded\u00bb background_color=\u00bbwhite\u00bb size=\u00bbxl\u00bb el_class=\u00bbthsn-medical-icon-brand\u00bb][vc_empty_space][vc_raw_html]JTNDY2VudGVyJTNFJTIwJTVCbGF0ZXBvaW50X2Jvb2tfYnV0dG9uJTVEJTIwJTNDJTJGY2VudGVyJTNF[\/vc_raw_html][\/vc_column][\/vc_row][vc_row thsn-text-color=\u00bbwhite\u00bb thsn-bg-color=\u00bbgradientcolor\u00bb thsn-bg-image-position=\u00bbcenter-center\u00bb thsn-bg-image-color-order=\u00bbimage-over-color\u00bb thsn-extended-column=\u00bblast\u00bb thsn-last-col-bg-color=\u00bbglobalcolor\u00bb thsn-extended-bg-image-repeat=\u00bbno\u00bb thsn-extended-bg-size=\u00bbcover\u00bb full_width=\u00bbstretch_row\u00bb css=\u00bb.vc_custom_1584910047663{background-image: url(http:\/\/dentiq-demo.themesion.com\/demo1\/wp-content\/uploads\/sites\/2\/2019\/07\/dotted-map2.png?id=11141) !important;background-position: 0 0 !important;background-repeat: no-repeat !important;}\u00bb][vc_column css=\u00bb.vc_custom_1555061401544{background-position: center !important;background-repeat: no-repeat !important;background-size: cover !important;}\u00bb][vc_empty_space][vc_row_inner el_class=\u00bbthsn-col-auto\u00bb css=\u00bb.vc_custom_1565440734029{margin-top: -10px !important;}\u00bb][vc_column_inner][vc_btn title=\u00bbReserva tu Plaza, \u00a1Sin Compromiso!\u00bb style=\u00bboutline\u00bb color=\u00bbwhite\u00bb align=\u00bbcenter\u00bb i_icon_fontawesome=\u00bbfas fa-play-circle\u00bb add_icon=\u00bbtrue\u00bb el_class=\u00bbthsn-align-left-991&#8243; link=\u00bburl:%23cita|||\u00bb][\/vc_column_inner][\/vc_row_inner][vc_empty_space height=\u00bb22px\u00bb][\/vc_column][\/vc_row][vc_row thsn-bg-color=\u00bbwhite\u00bb][vc_column][vc_empty_space][vc_tta_tabs style=\u00bboutline\u00bb shape=\u00bbsquare\u00bb color=\u00bbblack\u00bb spacing=\u00bb\u00bb active_section=\u00bb1&#8243;][vc_tta_section i_icon_fontawesome=\u00bbfas fa-teeth-open\u00bb add_icon=\u00bbtrue\u00bb title=\u00bbOrtodoncia Invisible\u00bb tab_id=\u00bb1562929246673-a1473a21-f3015129-886dbc8d-dc49d997-bb8c\u00bb][vc_row_inner content_placement=\u00bbmiddle\u00bb][vc_column_inner width=\u00bb1\/2&#8243;][vc_empty_space height=\u00bb35px\u00bb][vc_single_image image=\u00bb12482&#8243; img_size=\u00bbfull\u00bb el_class=\u00bbthsn-about-image\u00bb css=\u00bb.vc_custom_1585198312675{margin-bottom: 0px !important;}\u00bb][vc_empty_space height=\u00bb35px\u00bb][vc_column_text]<\/p>\n<p><center><div class=\"latepoint-book-button os_trigger_booking\"   data-nonce=\"2be6d5d91d\">Prendre rendez-vous<\/div><\/center>[\/vc_column_text][\/vc_column_inner][vc_column_inner width=\u00bb1\/2&#8243; thsn-responsive-css=\u00bb76703380|colbreak_no|||||||||colbreak_no|||||||||colbreak_no|35|||||||||colbreak_no|||||||||\u00bb][vc_custom_heading text=\u00bbTu mejor sonrisa con Invisalign\u00ae\u00bb font_container=\u00bbtag:h3|font_size:24px|text_align:left|line_height:28px\u00bb use_theme_fonts=\u00bbyes\u00bb css=\u00bb.vc_custom_1585194946008{margin-bottom: 30px !important;}\u00bb][vc_column_text]La Ortodoncia Invisible Invisalign\u00ae es, a d\u00eda de hoy, el tratamiento que ofrece unos mejores resultados para corregir cualquier problema de malposici\u00f3n y maloclusi\u00f3n dental. El tratamiento re\u00fane as\u00ed la mayor discreci\u00f3n est\u00e9tica posible con una efectividad muy alta para casos muy variados y exigentes.[\/vc_column_text]<div  class=\"themesion-ul-list thsn-ul-type-icon\"><ul><li><i class=\"thsn-globalcolor fa fa-check\"><\/i> Invisible<\/li><li><i class=\"thsn-globalcolor fa fa-check\"><\/i> Amovible<\/li><li><i class=\"thsn-globalcolor fa fa-check\"><\/i> Efficace<\/li><\/ul><\/div>[\/vc_column_inner][\/vc_row_inner][\/vc_tta_section][vc_tta_section i_icon_fontawesome=\u00bbfas fa-balance-scale-left\u00bb add_icon=\u00bbtrue\u00bb title=\u00bbAntes &#8211; Despu\u00e9s\u00bb tab_id=\u00bb1562929246696-ba494ade-d5845129-886dbc8d-dc49d997-bb8c\u00bb][vc_row_inner][vc_column_inner width=\u00bb1\/2&#8243;][vc_single_image image=\u00bb12484&#8243; img_size=\u00bblarge\u00bb add_caption=\u00bbyes\u00bb alignment=\u00bbcenter\u00bb onclick=\u00bblink_image\u00bb title=\u00bbAntes del Tratamiento Invisalign\u00ae\u00bb][\/vc_column_inner][vc_column_inner width=\u00bb1\/2&#8243; thsn-responsive-css=\u00bb21907407|colbreak_no|||||||||colbreak_no|||||||||colbreak_no|35|||||||||colbreak_no|||||||||\u00bb][vc_single_image image=\u00bb12483&#8243; img_size=\u00bblarge\u00bb add_caption=\u00bbyes\u00bb alignment=\u00bbcenter\u00bb onclick=\u00bblink_image\u00bb title=\u00bbDespu\u00e9s del Tratamiento Invisalign\u00ae\u00bb][\/vc_column_inner][\/vc_row_inner][\/vc_tta_section][vc_tta_section i_icon_fontawesome=\u00bbfas fa-check\u00bb add_icon=\u00bbtrue\u00bb title=\u00bbVentajas\u00bb tab_id=\u00bb1563435018750-e2880721-81345129-886dbc8d-dc49d997-bb8c\u00bb][vc_row_inner][vc_column_inner][\/vc_column_inner][vc_column_inner width=\u00bb1\/2&#8243;][vc_single_image image=\u00bb12482&#8243; img_size=\u00bbfull\u00bb alignment=\u00bbcenter\u00bb onclick=\u00bblink_image\u00bb][\/vc_column_inner][vc_column_inner width=\u00bb1\/2&#8243;][vc_column_text]<\/p>\n<h3>Invisible Invisalign\u00ae Orthodontics est parfait parce que:<\/h3>\n<ul>\n<li>\n<h5>Il est transparent, personne ne l&#39;appr\u00e9ciera.<\/h5>\n<\/li>\n<li>\n<h5>Efficace m\u00eame dans les cas les plus compliqu\u00e9s.<\/h5>\n<\/li>\n<li>\n<h5>Il peut \u00eatre retir\u00e9 pendant les repas et le brossage des dents.<\/h5>\n<\/li>\n<li>\n<h5>Vous obtenez des r\u00e9sultats plus rapides que les accolades traditionnelles.<\/h5>\n<\/li>\n<li>\n<h5>\u00c9tude personnalis\u00e9e et conception num\u00e9rique de l&#39;apparence de votre sourire GRATUIT<\/h5>\n<\/li>\n<\/ul>\n<p>[\/vc_column_text][\/vc_column_inner][\/vc_row_inner][\/vc_tta_section][vc_tta_section i_icon_fontawesome=\u00bbfas fa-users\u00bb add_icon=\u00bbtrue\u00bb title=\u00bbOpiniones\u00bb tab_id=\u00bb1563435017238-af3814e8-19465129-886dbc8d-dc49d997-bb8c\u00bb][vc_row_inner][vc_column_inner]<div  class=\"themesion-element themesion-element-testimonial thsn-element-testimonial-style-1 themesion-element-viewtype-row-column thsn-sortable-no\" data-show=\"1\" data-columns=\"1\" data-loop=\"false\" data-autoplay=\"false\" data-center=\"false\" data-nav=\"false\" data-dots=\"false\" data-autoplayspeed=\"1000\" data-margin=\"\"><div class=\"themesion-element-inner\"><div class=\"thsn-element-posts-wrapper row multi-columns-row\"><div class=\"thsn-ele thsn-testimonial-ele col-md-12\"><article class=\"themesion-ele themesion-ele-testimonial thsn-testimonial-style-1 thsn-testimonial-active\"><div class=\"themesion-post-item\">\n\t<div class=\"themesion-box-content\">\t\t    \n\t\t<div class=\"themesion-box-desc\">\n\t\t\t<blockquote class=\"themesion-testimonial-text\"><p>Super personne, super professionnel. Toujours attentif et pr\u00eat \u00e0 tout pour aider. Recommand\u00e9 100%.<\/p>\n<\/blockquote>\n\t\t<\/div>\t\n\t\t<div class=\"themesion-box-star-ratings\"><i class=\"thsn-base-icon-star thsn-active\"><\/i><i class=\"thsn-base-icon-star thsn-active\"><\/i><i class=\"thsn-base-icon-star thsn-active\"><\/i><i class=\"thsn-base-icon-star thsn-active\"><\/i><i class=\"thsn-base-icon-star thsn-active\"><\/i><\/div>\t\n\t\t<div class=\"d-flex\">\n\t\t\t<div class=\"themesion-box-img\"><\/div>\t\t\t\n\t\t<div class=\"themesion-box-author\">\n\t\t\t<h3 class=\"themesion-box-title\">Pepe RC<\/h3>\t\t\t\n\t\t\t<span class=\"thsn-designation\">Patient<\/span>\t\t<\/div>\n\t\t<\/div>\n\t<\/div>\t\n<\/div><\/article><\/div><\/div><\/div><!-- .themesion-element-inner -->   <\/div><!-- .themesion-element -->  [\/vc_column_inner][\/vc_row_inner][\/vc_tta_section][\/vc_tta_tabs][\/vc_column][\/vc_row][vc_row][vc_column css=\u00bb.vc_custom_1556623685888{margin-top: 50px !important;}\u00bb][\/vc_column][\/vc_row][vc_row content_placement=\u00bbbottom\u00bb css=\u00bb.vc_custom_1556623730859{padding-top: 0px !important;}\u00bb][vc_column width=\u00bb1\/2&#8243;][vc_tta_accordion style=\u00bboutline\u00bb c_position=\u00bbright\u00bb active_section=\u00bb122&#8243; collapsible_all=\u00bbtrue\u00bb][vc_tta_section title=\u00bb1. \u00bfCu\u00e1ndo me los puedo quitar?\u00bb tab_id=\u00bb1553685744479-a2b95def-8e4a99c2-f14dd997-bb8c\u00bb][vc_column_text]Se deben llevar un m\u00ednimo de\u00a0<strong>22 heures<\/strong> al d\u00eda para fijar bien las posiciones, recomendamos \u00fanicamente quitarlos a la hora de la comida, durante el cepillado de los dientes y cuando se ingieran bebidas calientes, para evitar el da\u00f1o de la f\u00e9rula. Mientras no lo tengas puesto, gu\u00e1rdalo cuidadosamente en su funda para evitar que se deteriore.[\/vc_column_text][\/vc_tta_section][vc_tta_section title=\u00bb2. \u00bfC\u00f3mo funciona?\u00bb tab_id=\u00bb1553685744497-03cbf784-15b299c2-f14dd997-bb8c\u00bb][vc_column_text]En primer lugar hay que hacer un estudio personalizado, con radiograf\u00edas, fotos y modelos de la boca. A continuaci\u00f3n, se hace una simulaci\u00f3n 3D del tratamiento, donde se simulan los movimientos de todos los dientes y, adem\u00e1s, haremos un acabado virtual del caso. Una vez tenemos el plan de tratamiento, empezamos con los alineadores, que se ir\u00e1n cambiando cada ciertos d\u00edas en funci\u00f3n del caso, aunque las visitas con el ortodoncista ser\u00e1n normalmente una vez al mes.[\/vc_column_text][\/vc_tta_section][vc_tta_section title=\u00bb3. \u00bfCada cu\u00e1nto son las revisiones?\u00bb tab_id=\u00bb1553686283411-c2228d38-c4a099c2-f14dd997-bb8c\u00bb][vc_column_text]Aunque cada caso es \u00fanico, en t\u00e9rminos generales las revisiones se realizan mensualmente. En cada una de\u00a0 las visitas, la doctora Marina P\u00e1rralo valorar\u00e1 c\u00f3mo evoluciona el movimiento de los dientes y si se est\u00e1n evolucionando conforme se hab\u00eda previsto, si todo va bien, en cada revisi\u00f3n se dar\u00e1n varios juegos de alineadores hasta la pr\u00f3xima visita. Adem\u00e1s nuestro equipo puede tratar y programas casos a distancia si el paciente no puede acudir a la cl\u00ednica. La Dra. P\u00e1rralo har\u00e1 un completo seguimiento a distancia.[\/vc_column_text][\/vc_tta_section][\/vc_tta_accordion][vc_empty_space][\/vc_column][vc_column width=\u00bb1\/2&#8243;][vc_tta_accordion style=\u00bboutline\u00bb c_position=\u00bbright\u00bb active_section=\u00bb122&#8243; collapsible_all=\u00bbtrue\u00bb][vc_tta_section title=\u00bb4. \u00bfCu\u00e1nto dura el tratamiento?\u00bb tab_id=\u00bb1556616449074-ebe68d5a-c6e899c2-f14dd997-bb8c\u00bb][vc_column_text]La duraci\u00f3n ser\u00e1 en funci\u00f3n de la complejidad del caso. Puede ser de pocos meses (entre 3 y 7 meses para las modalidades Invisalign\u00ae i7 y Invisalign\u00ae Lite respectivamente), o entre 8 y 24 meses para los casos de Invisalign\u00ae full o Invisalign\u00ae Teen.[\/vc_column_text][\/vc_tta_section][vc_tta_section title=\u00bb5. \u00bfC\u00f3mo se mantiene la f\u00e9rula?\u00bb tab_id=\u00bb1556616449093-654048bf-531499c2-f14dd997-bb8c\u00bb][vc_column_text]Es importante que cuides delicadamente tus alineadores ya que son imprescindibles para culminar con \u00e9xito el tratamiento, por ello siempre que te los quites gu\u00e1rdalos en su funda y l\u00e1valos antes de volver a pon\u00e9rtelos.[\/vc_column_text][\/vc_tta_section][vc_tta_section title=\u00bb6. \u00bfSe pueden tratar todos los casos?\u00bb tab_id=\u00bb1556616449107-40c32a47-a86299c2-f14dd997-bb8c\u00bb][vc_column_text]Con Invisalign\u00ae se pueden tratar pr\u00e1cticamente todas las maloclusiones.[\/vc_column_text][\/vc_tta_section][\/vc_tta_accordion][vc_empty_space][\/vc_column][\/vc_row][vc_row thsn-bg-color=\u00bbwhite\u00bb][vc_column][vc_empty_space][vc_tta_tabs style=\u00bboutline\u00bb shape=\u00bbsquare\u00bb color=\u00bbblack\u00bb spacing=\u00bb\u00bb active_section=\u00bb1&#8243;][vc_tta_section i_icon_fontawesome=\u00bbfas fa-teeth-open\u00bb add_icon=\u00bbtrue\u00bb title=\u00bbOrtodoncia Brackets\u00bb tab_id=\u00bb1562929246673-a1473a21-f3015129-886dbc8d-dc49f406-245ceda1-146d\u00bb][vc_row_inner content_placement=\u00bbmiddle\u00bb][vc_column_inner width=\u00bb1\/2&#8243;][vc_empty_space height=\u00bb55px\u00bb][vc_single_image image=\u00bb12918&#8243; img_size=\u00bbfull\u00bb el_class=\u00bbthsn-about-image\u00bb css=\u00bb.vc_custom_1586637212054{margin-bottom: 0px !important;}\u00bb][vc_empty_space height=\u00bb35px\u00bb][\/vc_column_inner][vc_column_inner width=\u00bb1\/2&#8243; thsn-responsive-css=\u00bb76703380|colbreak_no|||||||||colbreak_no|||||||||colbreak_no|35|||||||||colbreak_no|||||||||\u00bb][vc_custom_heading text=\u00bbTu mejor sonrisa con Brackets\u00bb font_container=\u00bbtag:h3|font_size:24px|text_align:left|line_height:28px\u00bb use_theme_fonts=\u00bbyes\u00bb css=\u00bb.vc_custom_1586637218650{margin-bottom: 30px !important;}\u00bb][vc_column_text]<\/p>\n<h3 class=\"fusion-responsive-typography-calculated\" data-fontsize=\"35\" data-lineheight=\"50.05px\">RAISONS DE FAIRE UN TRAITEMENT ORTHODONTIQUE<\/h3>\n<ul>\n<li>Alignez vos dents<\/li>\n<li>Am\u00e9liorez votre morsure et \u00e9vitez l&#39;usure inutile de vos dents<\/li>\n<li>Ouvrir ou fermer l&#39;espace entre les dents<\/li>\n<li>Corriger les d\u00e9formations faciales et les graves probl\u00e8mes squelettiques<\/li>\n<li>Douleur TMJ (articulation de la m\u00e2choire)<\/li>\n<\/ul>\n<p>[\/vc_column_text][vc_column_text]<\/p>\n<p><center><div class=\"latepoint-book-button os_trigger_booking\"   data-nonce=\"2be6d5d91d\">Prendre rendez-vous<\/div><\/center>[\/vc_column_text][\/vc_column_inner][\/vc_row_inner][\/vc_tta_section][vc_tta_section i_icon_fontawesome=\u00bbfas fa-balance-scale-left\u00bb add_icon=\u00bbtrue\u00bb title=\u00bbAntes &#8211; Despu\u00e9s\u00bb tab_id=\u00bb1562929246696-ba494ade-d5845129-886dbc8d-dc49f406-245ceda1-146d\u00bb][vc_row_inner][vc_column_inner width=\u00bb1\/2&#8243;][vc_single_image image=\u00bb12915&#8243; img_size=\u00bblarge\u00bb add_caption=\u00bbyes\u00bb alignment=\u00bbcenter\u00bb onclick=\u00bblink_image\u00bb][\/vc_column_inner][vc_column_inner width=\u00bb1\/2&#8243; thsn-responsive-css=\u00bb21907407|colbreak_no|||||||||colbreak_no|||||||||colbreak_no|35|||||||||colbreak_no|||||||||\u00bb][vc_single_image image=\u00bb12914&#8243; img_size=\u00bblarge\u00bb add_caption=\u00bbyes\u00bb alignment=\u00bbcenter\u00bb onclick=\u00bblink_image\u00bb][\/vc_column_inner][\/vc_row_inner][\/vc_tta_section][vc_tta_section i_icon_fontawesome=\u00bbfas fa-check\u00bb add_icon=\u00bbtrue\u00bb title=\u00bbTipos\u00bb tab_id=\u00bb1563435018750-e2880721-81345129-886dbc8d-dc49f406-245ceda1-146d\u00bb][vc_row_inner][vc_column_inner][vc_column_text]<\/p>\n<div class=\"fusion-text\"><\/div>\n<div class=\"fusion-text\">\n<p><b>Brackets met\u00e1licos <\/b>Los brackets usados son \u201cLow-profile\u201d, es decir de perfil bajo, son los brackets m\u00e1s modernos, peque\u00f1os, con un perfil muy plano y fino y con acabados redondeados que ofrece al paciente una comodidad m\u00e1xima y permitiendo la correcta higiene.<\/p>\n<p><b>Brackets de autoligado<\/b>\u00a0o de baja fricci\u00f3n son unos brackets con un mecanismo de cierre moderno que elimina la necesidad de ligar el alambre a los brackets con las ligaduras (las t\u00edpicas gomitas). Al no llevar ligaduras se reducen las incomodidades que aparecen por la necesidad de ligar como en los brackets convencionales y gracias a la baja fricci\u00f3n<b>\u00a0los dientes se nivelan de manera m\u00e1s r\u00e1pida y con la aplicaci\u00f3n de fuerzas menores<\/b>.<\/p>\n<p><b>Brackets est\u00e9ticos\u00a0<\/b><b>cer\u00e1micos\u00a0<\/b>ofrecen tanto est\u00e9tica como eficiencia en el tratamiento. Su dise\u00f1o de forma redondeada y de bajo perfil que aumenta la comodidad del paciente, la retirada de los brackets es sencilla y no se ti\u00f1en ni se manchan con los alimentos ni el tabaco.<\/p>\n<p><b>Supports\u00a0<\/b><b>de autoligado<\/b>\u00a0<b>est\u00e9ticos<\/b>\u00a0\u00a0proporcionan todas las ventajas de los brackets de autoligado con las ventajas a\u00f1adidas de los brackets est\u00e9ticos, proporcionando un ajuste suave, c\u00f3modo y duradero para poder tratar cualquier maloclusi\u00f3n.<\/p>\n<p><b>Brackets est\u00e9ticos transparentes\u00a0<\/b>est\u00e1n hechos de zafiro monocristalino (el zafiro es un mineral extremadamente duro, compuesto de \u00f3xido de aluminio), son transparentes como el cristal y muy discretos, casi invisibles independientemente del color de los dientes del paciente, ya que al ser transparentes transmiten el color original del diente.<\/p>\n<\/div>\n<p>[\/vc_column_text][\/vc_column_inner][\/vc_row_inner][\/vc_tta_section][vc_tta_section i_icon_fontawesome=\u00bbfas fa-users\u00bb add_icon=\u00bbtrue\u00bb title=\u00bbOpiniones\u00bb tab_id=\u00bb1563435017238-af3814e8-19465129-886dbc8d-dc49f406-245ceda1-146d\u00bb][vc_row_inner][vc_column_inner]<div  class=\"themesion-element themesion-element-testimonial thsn-element-testimonial-style-1 themesion-element-viewtype-row-column thsn-sortable-no\" data-show=\"1\" data-columns=\"1\" data-loop=\"false\" data-autoplay=\"false\" data-center=\"false\" data-nav=\"false\" data-dots=\"false\" data-autoplayspeed=\"1000\" data-margin=\"\"><div class=\"themesion-element-inner\"><div class=\"thsn-element-posts-wrapper row multi-columns-row\"><div class=\"thsn-ele thsn-testimonial-ele col-md-12\"><article class=\"themesion-ele themesion-ele-testimonial thsn-testimonial-style-1 thsn-testimonial-active\"><div class=\"themesion-post-item\">\n\t<div class=\"themesion-box-content\">\t\t    \n\t\t<div class=\"themesion-box-desc\">\n\t\t\t<blockquote class=\"themesion-testimonial-text\"><p>Super personne, super professionnel. Toujours attentif et pr\u00eat \u00e0 tout pour aider. Recommand\u00e9 100%.<\/p>\n<\/blockquote>\n\t\t<\/div>\t\n\t\t<div class=\"themesion-box-star-ratings\"><i class=\"thsn-base-icon-star thsn-active\"><\/i><i class=\"thsn-base-icon-star thsn-active\"><\/i><i class=\"thsn-base-icon-star thsn-active\"><\/i><i class=\"thsn-base-icon-star thsn-active\"><\/i><i class=\"thsn-base-icon-star thsn-active\"><\/i><\/div>\t\n\t\t<div class=\"d-flex\">\n\t\t\t<div class=\"themesion-box-img\"><\/div>\t\t\t\n\t\t<div class=\"themesion-box-author\">\n\t\t\t<h3 class=\"themesion-box-title\">Pepe RC<\/h3>\t\t\t\n\t\t\t<span class=\"thsn-designation\">Patient<\/span>\t\t<\/div>\n\t\t<\/div>\n\t<\/div>\t\n<\/div><\/article><\/div><\/div><\/div><!-- .themesion-element-inner -->   <\/div><!-- .themesion-element -->  [\/vc_column_inner][\/vc_row_inner][\/vc_tta_section][\/vc_tta_tabs][\/vc_column][\/vc_row][vc_row][vc_column css=\u00bb.vc_custom_1556623685888{margin-top: 50px !important;}\u00bb][\/vc_column][\/vc_row][vc_row content_placement=\u00bbbottom\u00bb css=\u00bb.vc_custom_1556623730859{padding-top: 0px !important;}\u00bb][vc_column width=\u00bb1\/2&#8243;][vc_tta_accordion style=\u00bboutline\u00bb c_position=\u00bbright\u00bb active_section=\u00bb122&#8243; collapsible_all=\u00bbtrue\u00bb][vc_tta_section title=\u00bb1. \u00bfA qu\u00e9 edad se puede colocar ortodoncia con brackets?\u00bb tab_id=\u00bb1553685744479-a2b95def-8e4a99c2-f14df406-245ceda1-146d\u00bb][vc_column_text]Los brackets se colocan en dientes definitivos, por lo tanto cuando ya tenemos todos los dientes definitivos en boca ya podemos empezar, esto suele suceder alrededor de los 11-12 a\u00f1os. Antes de esta edad se pueden colocar otro tipo de aparatos para resolver problemas que requieran una intervenci\u00f3n temprana.[\/vc_column_text][\/vc_tta_section][vc_tta_section title=\u00bb2. \u00bfEl cementado de los brackets puede da\u00f1ar al esmalte del diente?\u00bb tab_id=\u00bb1553685744497-03cbf784-15b299c2-f14df406-245ceda1-146d\u00bb][vc_column_text]El cementado es un procedimiento totalmente inocuo a nivel cl\u00ednico. La retirada de los restos de cemento se realiza mediante nuestras herramientas especiales que no da\u00f1an el esmalte del diente.[\/vc_column_text][\/vc_tta_section][vc_tta_section title=\u00bb3. \u00bfCada cu\u00e1nto tengo que ir a la cl\u00ednica para el ajuste de los aparatos?\u00bb tab_id=\u00bb1553686283411-c2228d38-c4a099c2-f14df406-245ceda1-146d\u00bb][vc_column_text]De manera general podemos decir que las visitas son mensuales con peque\u00f1as diferencias en las diferentes fases de la ortodoncia (al inicio son m\u00e1s espaciadas y al final m\u00e1s frecuentes).[\/vc_column_text][\/vc_tta_section][\/vc_tta_accordion][vc_empty_space][\/vc_column][vc_column width=\u00bb1\/2&#8243;][vc_tta_accordion style=\u00bboutline\u00bb c_position=\u00bbright\u00bb active_section=\u00bb122&#8243; collapsible_all=\u00bbtrue\u00bb][vc_tta_section title=\u00bb4. \u00bfEs doloroso el tratamiento de ortodoncia?\u00bb tab_id=\u00bb1556616449074-ebe68d5a-c6e899c2-f14df406-245ceda1-146d\u00bb][vc_column_text]El tratamiento puede generar una leve de molestia e incomodidad por la tensi\u00f3n que genera el alambre en los dientes. Estas molestias suelen aparecer a las pocas horas despu\u00e9s de las visitas sobre todo en las primeras etapas del tratamiento cuando se est\u00e1n alineando los dientes.<\/p>\n<p>Los brackets pueden rozar con los tejidos de la boca causando peque\u00f1as \u00falceras que pueden tratarse con varios preparados que existen en las farmacias en forma de gel y enjuague. Por lo general todas estas molestias son muy leves y suelen aliviarse al poco tiempo.[\/vc_column_text][\/vc_tta_section][vc_tta_section title=\u00bb5. \u00bfC\u00f3mo se paga el tratamiento de ortodoncia?\u00bb tab_id=\u00bb1556616449093-654048bf-531499c2-f14df406-245ceda1-146d\u00bb][vc_column_text]Ofrecemos varios planes de financiaci\u00f3n, con la opci\u00f3n de financiar una parte del tratamiento o el tratamiento entero.[\/vc_column_text][\/vc_tta_section][vc_tta_section title=\u00bb6. \u00bfC\u00f3mo mantenemos los resultados despu\u00e9s del tratamiento?\u00bb tab_id=\u00bb1556616449107-40c32a47-a86299c2-f14df406-245ceda1-146d\u00bb][vc_column_text]En la Cl\u00ednica Dental Soto-Yarritu &amp; Rodero tenemos un protocolo riguroso de retenci\u00f3n para todos los pacientes, es la fase final y tambi\u00e9n una de las m\u00e1s importantes para mantener la armon\u00eda y estabilidad de tu mordida.[\/vc_column_text][\/vc_tta_section][\/vc_tta_accordion][vc_empty_space][\/vc_column][\/vc_row][vc_row thsn-bg-color=\u00bblight\u00bb thsn-bg-image-color-order=\u00bbimage-over-color\u00bb full_width=\u00bbstretch_row\u00bb content_placement=\u00bbmiddle\u00bb css=\u00bb.vc_custom_1592394068626{padding-bottom: 60px !important;background-image: url(https:\/\/dentalmoratalaz66.com\/wp-content\/uploads\/2019\/07\/pattern-1.png?id=11062) !important;background-position: 0 0 !important;background-repeat: repeat !important;}\u00bb][vc_column][vc_empty_space]<div  class=\"themesion-element themesion-element-team thsn-element-team-style-1 themesion-element-viewtype-row-column thsn-sortable-no\" data-show=\"3\" data-columns=\"3\" data-loop=\"false\" data-autoplay=\"false\" data-center=\"false\" data-nav=\"false\" data-dots=\"false\" data-autoplayspeed=\"1000\" data-margin=\"\"><div class=\"themesion-element-inner\"><div class=\"thsn-team-ele-heading\"><\/div><div class=\"thsn-element-posts-wrapper row multi-columns-row\"><div class=\"thsn-ele thsn-team-ele col-md-4\"><article class=\"themesion-ele themesion-ele-team thsn-team-style-1\">\n\t<div class=\"themesion-post-item\">\n\t\t<div class=\"themesion-team-image-box\">\n\t\t\t<div class=\"thsn-featured-wrapper\"><a href=\"https:\/\/dentalmagmar.es\/fr\/team-member\/dra-lara-egana-benito\"><img width=\"500\" height=\"580\" src=\"https:\/\/dentalmagmar.es\/wp-content\/uploads\/2021\/02\/Equipo-magmar-ortodoncista-lara-500x580.jpg\" class=\"attachment-thsn-img-500x580 size-thsn-img-500x580 wp-post-image\" alt=\"\" data-id=\"14187\" \/><\/a><\/div>\t\t<\/div>\n\t\t<div class=\"themesion-box-content\">\n\t\t\t<div class=\"themesion-box-content-inner\">\t\t\t\t\n\t\t\t\t<div class=\"themesion-box-team-position\">\n\t\t\t\t\t\t\t<div class=\"themesion-box-team-position\">Orthodontiste<\/div>\n\t\t\t\t\t\t<\/div>\n\t\t\t\t<h3 class=\"thsn-team-title\"><a href=\"https:\/\/dentalmagmar.es\/fr\/team-member\/dra-lara-egana-benito\">DR. LARA EGA\u00d1A BENITO<\/a><\/h3>\n\t\t\t<\/div>\n\t\t\t<div class=\"themesion-box-social-links\"><ul class=\"thsn-social-links thsn-team-social-links\"><li class=\"thsn-social-li thsn-social-facebook\"><a href=\"https:\/\/www.facebook.com\/DentalMagmar-110475514015738\/\" title=\"Facebook\" target=\"_blank\"><span><i class=\"thsn-base-icon-facebook-squared\"><\/i><\/span><\/a><\/li><li class=\"thsn-social-li thsn-social-instagram\"><a href=\"https:\/\/www.instagram.com\/dentalmagmar\/\" title=\"Instagram\" target=\"_blank\"><span><i class=\"thsn-base-icon-instagram\"><\/i><\/span><\/a><\/li><\/ul><\/div>\n\t\t<\/div>\n\t<\/div>\n<\/article><\/div><div class=\"thsn-ele thsn-team-ele col-md-4\"><article class=\"themesion-ele themesion-ele-team thsn-team-style-1\">\n\t<div class=\"themesion-post-item\">\n\t\t<div class=\"themesion-team-image-box\">\n\t\t\t<div class=\"thsn-featured-wrapper\"><a href=\"https:\/\/dentalmagmar.es\/fr\/team-member\/dr-ramon-soto-yarritu\"><img width=\"500\" height=\"580\" src=\"https:\/\/dentalmagmar.es\/wp-content\/uploads\/2018\/12\/Equipo-Magmar-3-500x580.jpg\" class=\"attachment-thsn-img-500x580 size-thsn-img-500x580 wp-post-image\" alt=\"\" data-id=\"14169\" \/><\/a><\/div>\t\t<\/div>\n\t\t<div class=\"themesion-box-content\">\n\t\t\t<div class=\"themesion-box-content-inner\">\t\t\t\t\n\t\t\t\t<div class=\"themesion-box-team-position\">\n\t\t\t\t\t\t\t<div class=\"themesion-box-team-position\">Dentiste et directeur m\u00e9dical<\/div>\n\t\t\t\t\t\t<\/div>\n\t\t\t\t<h3 class=\"thsn-team-title\"><a href=\"https:\/\/dentalmagmar.es\/fr\/team-member\/dr-ramon-soto-yarritu\">DR. MARIA ANGELES GARCIA MARTINEZ<\/a><\/h3>\n\t\t\t<\/div>\n\t\t\t<div class=\"themesion-box-social-links\"><ul class=\"thsn-social-links thsn-team-social-links\"><li class=\"thsn-social-li thsn-social-facebook\"><a href=\"https:\/\/www.facebook.com\/DentalMagmar-110475514015738\/\" title=\"Facebook\" target=\"_blank\"><span><i class=\"thsn-base-icon-facebook-squared\"><\/i><\/span><\/a><\/li><li class=\"thsn-social-li thsn-social-instagram\"><a href=\"https:\/\/www.instagram.com\/dentalmagmar\/\" title=\"Instagram\" target=\"_blank\"><span><i class=\"thsn-base-icon-instagram\"><\/i><\/span><\/a><\/li><\/ul><\/div>\n\t\t<\/div>\n\t<\/div>\n<\/article><\/div><div class=\"thsn-ele thsn-team-ele col-md-4\"><article class=\"themesion-ele themesion-ele-team thsn-team-style-1\">\n\t<div class=\"themesion-post-item\">\n\t\t<div class=\"themesion-team-image-box\">\n\t\t\t<div class=\"thsn-featured-wrapper\"><a href=\"https:\/\/dentalmagmar.es\/fr\/team-member\/dra-marina-parralo\"><img width=\"500\" height=\"580\" src=\"https:\/\/dentalmagmar.es\/wp-content\/uploads\/2020\/09\/WhatsApp-Image-2021-02-22-at-15.54.59-500x580.jpeg\" class=\"attachment-thsn-img-500x580 size-thsn-img-500x580 wp-post-image\" alt=\"\" data-id=\"14198\" \/><\/a><\/div>\t\t<\/div>\n\t\t<div class=\"themesion-box-content\">\n\t\t\t<div class=\"themesion-box-content-inner\">\t\t\t\t\n\t\t\t\t<div class=\"themesion-box-team-position\">\n\t\t\t\t\t\t\t<div class=\"themesion-box-team-position\">Dentiste et chirurgien<\/div>\n\t\t\t\t\t\t<\/div>\n\t\t\t\t<h3 class=\"thsn-team-title\"><a href=\"https:\/\/dentalmagmar.es\/fr\/team-member\/dra-marina-parralo\">DR. BORJA TEJEDOR G\u00d3MEZ<\/a><\/h3>\n\t\t\t<\/div>\n\t\t\t<div class=\"themesion-box-social-links\"><ul class=\"thsn-social-links thsn-team-social-links\"><li class=\"thsn-social-li thsn-social-facebook\"><a href=\"https:\/\/www.facebook.com\/DentalMagmar-110475514015738\/\" title=\"Facebook\" target=\"_blank\"><span><i class=\"thsn-base-icon-facebook-squared\"><\/i><\/span><\/a><\/li><li class=\"thsn-social-li thsn-social-instagram\"><a href=\"https:\/\/www.instagram.com\/dentalmagmar\/\" title=\"Instagram\" target=\"_blank\"><span><i class=\"thsn-base-icon-instagram\"><\/i><\/span><\/a><\/li><\/ul><\/div>\n\t\t<\/div>\n\t<\/div>\n<\/article><\/div><\/div><\/div><!-- .themesion-element-inner -->   <\/div><!-- .themesion-element -->  <div  class=\"themesion-element themesion-element-team thsn-element-team-style-1 themesion-element-viewtype-row-column thsn-sortable-no\" data-show=\"3\" data-columns=\"3\" data-loop=\"false\" data-autoplay=\"false\" data-center=\"false\" data-nav=\"false\" data-dots=\"false\" data-autoplayspeed=\"1000\" data-margin=\"\"><div class=\"themesion-element-inner\"><div class=\"thsn-element-posts-wrapper row multi-columns-row\"><div class=\"thsn-ele thsn-team-ele col-md-4\"><article class=\"themesion-ele themesion-ele-team thsn-team-style-1\">\n\t<div class=\"themesion-post-item\">\n\t\t<div class=\"themesion-team-image-box\">\n\t\t\t<div class=\"thsn-featured-wrapper\"><a href=\"https:\/\/dentalmagmar.es\/fr\/team-member\/jose-ruiz-nevado\"><img width=\"500\" height=\"580\" src=\"https:\/\/dentalmagmar.es\/wp-content\/uploads\/2021\/02\/Equipo-magmar-belen-500x580.jpg\" class=\"attachment-thsn-img-500x580 size-thsn-img-500x580 wp-post-image\" alt=\"\" data-id=\"14182\" \/><\/a><\/div>\t\t<\/div>\n\t\t<div class=\"themesion-box-content\">\n\t\t\t<div class=\"themesion-box-content-inner\">\t\t\t\t\n\t\t\t\t<div class=\"themesion-box-team-position\">\n\t\t\t\t\t\t\t<div class=\"themesion-box-team-position\">Assistant et hygi\u00e9niste<\/div>\n\t\t\t\t\t\t<\/div>\n\t\t\t\t<h3 class=\"thsn-team-title\"><a href=\"https:\/\/dentalmagmar.es\/fr\/team-member\/jose-ruiz-nevado\">M\u00aa BELEN GARCIA MARTINEZ<\/a><\/h3>\n\t\t\t<\/div>\n\t\t\t<div class=\"themesion-box-social-links\"><ul class=\"thsn-social-links thsn-team-social-links\"><li class=\"thsn-social-li thsn-social-facebook\"><a href=\"https:\/\/www.facebook.com\/DentalMagmar-110475514015738\/\" title=\"Facebook\" target=\"_blank\"><span><i class=\"thsn-base-icon-facebook-squared\"><\/i><\/span><\/a><\/li><li class=\"thsn-social-li thsn-social-instagram\"><a href=\"https:\/\/www.instagram.com\/dentalmagmar\/\" title=\"Instagram\" target=\"_blank\"><span><i class=\"thsn-base-icon-instagram\"><\/i><\/span><\/a><\/li><\/ul><\/div>\n\t\t<\/div>\n\t<\/div>\n<\/article><\/div><\/div><\/div><!-- .themesion-element-inner -->   <\/div><!-- .themesion-element -->  [\/vc_column][\/vc_row][vc_row thsn-bg-color=\u00bbwhite\u00bb thsn-bg-image-position=\u00bbcenter-center\u00bb thsn-bg-image-color-order=\u00bbimage-over-color\u00bb full_width=\u00bbstretch_row\u00bb css=\u00bb.vc_custom_1562926407189{border-bottom-width: 30px !important;background-image: url(https:\/\/dentalmoratalaz66.com\/wp-content\/uploads\/2019\/07\/map.png?id=11067) !important;background-position: 0 0 !important;background-repeat: no-repeat !important;}\u00bb][vc_column][vc_empty_space]<div  class=\"themesion-element themesion-element-testimonial thsn-element-testimonial-style-1 themesion-element-viewtype-carousel thsn-sortable-no\" data-show=\"-1\" data-columns=\"1\" data-loop=\"false\" data-autoplay=\"false\" data-center=\"false\" data-nav=\"above\" data-dots=\"true\" data-autoplayspeed=\"3000\" data-margin=\"\"><div class=\"themesion-element-inner\"><div class=\"thsn-element-posts-wrapper row multi-columns-row\"><div class=\"thsn-ele thsn-testimonial-ele col-md-12\"><article class=\"themesion-ele themesion-ele-testimonial thsn-testimonial-style-1 thsn-testimonial-active\"><div class=\"themesion-post-item\">\n\t<div class=\"themesion-box-content\">\t\t    \n\t\t<div class=\"themesion-box-desc\">\n\t\t\t<blockquote class=\"themesion-testimonial-text\"><p>Super personne, super professionnel. Toujours attentif et pr\u00eat \u00e0 tout pour aider. Recommand\u00e9 100%.<\/p>\n<\/blockquote>\n\t\t<\/div>\t\n\t\t<div class=\"themesion-box-star-ratings\"><i class=\"thsn-base-icon-star thsn-active\"><\/i><i class=\"thsn-base-icon-star thsn-active\"><\/i><i class=\"thsn-base-icon-star thsn-active\"><\/i><i class=\"thsn-base-icon-star thsn-active\"><\/i><i class=\"thsn-base-icon-star thsn-active\"><\/i><\/div>\t\n\t\t<div class=\"d-flex\">\n\t\t\t<div class=\"themesion-box-img\"><\/div>\t\t\t\n\t\t<div class=\"themesion-box-author\">\n\t\t\t<h3 class=\"themesion-box-title\">Pepe RC<\/h3>\t\t\t\n\t\t\t<span class=\"thsn-designation\">Patient<\/span>\t\t<\/div>\n\t\t<\/div>\n\t<\/div>\t\n<\/div><\/article><\/div><div class=\"thsn-ele thsn-testimonial-ele col-md-12\"><article class=\"themesion-ele themesion-ele-testimonial thsn-testimonial-style-1\"><div class=\"themesion-post-item\">\n\t<div class=\"themesion-box-content\">\t\t    \n\t\t<div class=\"themesion-box-desc\">\n\t\t\t<blockquote class=\"themesion-testimonial-text\"><p>Je suis patiente \u00e0 la clinique de Magmar depuis des ann\u00e9es, ils ont un traitement exceptionnel! Une \u00e9quipe fantastique. Je soulignerais la proximit\u00e9 et la confiance qu&#39;ils offrent. Ce sont de bons professionnels et de bonnes personnes !! Gr\u00e2ce \u00e0 eux et surtout \u00e0 mon m\u00e9decin, j&#39;ai surmont\u00e9 ma peur du dentiste. Merci beaucoup!!!!<\/p>\n<\/blockquote>\n\t\t<\/div>\t\n\t\t<div class=\"themesion-box-star-ratings\"><i class=\"thsn-base-icon-star thsn-active\"><\/i><i class=\"thsn-base-icon-star thsn-active\"><\/i><i class=\"thsn-base-icon-star thsn-active\"><\/i><i class=\"thsn-base-icon-star thsn-active\"><\/i><i class=\"thsn-base-icon-star thsn-active\"><\/i><\/div>\t\n\t\t<div class=\"d-flex\">\n\t\t\t<div class=\"themesion-box-img\"><\/div>\t\t\t\n\t\t<div class=\"themesion-box-author\">\n\t\t\t<h3 class=\"themesion-box-title\">Marina Rodriguez<\/h3>\t\t\t\n\t\t\t<span class=\"thsn-designation\">Patient<\/span>\t\t<\/div>\n\t\t<\/div>\n\t<\/div>\t\n<\/div><\/article><\/div><div class=\"thsn-ele thsn-testimonial-ele col-md-12\"><article class=\"themesion-ele themesion-ele-testimonial thsn-testimonial-style-1\"><div class=\"themesion-post-item\">\n\t<div class=\"themesion-box-content\">\t\t    \n\t\t<div class=\"themesion-box-desc\">\n\t\t\t<blockquote class=\"themesion-testimonial-text\"><p>Le traitement par le personnel est excellent, mais je dois remercier la patience infinie et le professionnalisme de Victoria, le traitement avec mon enfant m\u00e9rite d&#39;\u00eatre mentionn\u00e9.<\/p>\n<\/blockquote>\n\t\t<\/div>\t\n\t\t<div class=\"themesion-box-star-ratings\"><i class=\"thsn-base-icon-star thsn-active\"><\/i><i class=\"thsn-base-icon-star thsn-active\"><\/i><i class=\"thsn-base-icon-star thsn-active\"><\/i><i class=\"thsn-base-icon-star thsn-active\"><\/i><i class=\"thsn-base-icon-star thsn-active\"><\/i><\/div>\t\n\t\t<div class=\"d-flex\">\n\t\t\t<div class=\"themesion-box-img\"><\/div>\t\t\t\n\t\t<div class=\"themesion-box-author\">\n\t\t\t<h3 class=\"themesion-box-title\">Rosa Marin Vilalta<\/h3>\t\t\t\n\t\t\t<span class=\"thsn-designation\">Patient<\/span>\t\t<\/div>\n\t\t<\/div>\n\t<\/div>\t\n<\/div><\/article><\/div><\/div><\/div><!-- .themesion-element-inner -->   <\/div><!-- .themesion-element -->  [\/vc_column][\/vc_row][vc_row thsn-bg-color=\u00bblight\u00bb thsn-bg-image-color-order=\u00bbimage-over-color\u00bb full_width=\u00bbstretch_row\u00bb css=\u00bb.vc_custom_1562914968316{padding-bottom: 60px !important;background-image: url(https:\/\/dentalmoratalaz66.com\/wp-content\/uploads\/2019\/07\/pattern-1.png?id=11062) !important;background-position: 0 0 !important;background-repeat: repeat !important;}\u00bb][vc_column][vc_empty_space]<div  class=\"themesion-element themesion-element-blog thsn-element-blog-style-1 themesion-element-viewtype-row-column thsn-sortable-no\" data-show=\"3\" data-columns=\"3\" data-loop=\"false\" data-autoplay=\"false\" data-center=\"false\" data-nav=\"false\" data-dots=\"false\" data-autoplayspeed=\"1000\" data-margin=\"\"><div class=\"themesion-element-inner\"><div class=\"thsn-element-posts-wrapper row multi-columns-row\"><div class=\"thsn-ele thsn-blog-ele col-md-4\"><article class=\"themesion-ele themesion-ele-blog thsn-blogbox-style-1 post-14251 post type-post status-publish format-standard has-post-thumbnail hentry category-consejos-dentales tag-aftas tag-lengua\">\n\t<div class=\"post-item\">\n\t\t<div class=\"thsn-featured-container\">\n\t\t\t<div class=\"thsn-featured-wrapper\"><a href=\"https:\/\/dentalmagmar.es\/fr\/aftas-en-la-lengua-causas-y-riesgos\"><img width=\"770\" height=\"500\" src=\"https:\/\/dentalmagmar.es\/wp-content\/uploads\/2022\/06\/Disen\u0303o-sin-ti\u0301tulo-89-770x500.jpg\" class=\"attachment-thsn-img-770x500 size-thsn-img-770x500 wp-post-image\" alt=\"imagen de aftas en la lengua berango\" srcset=\"https:\/\/dentalmagmar.es\/wp-content\/uploads\/2022\/06\/Disen\u0303o-sin-ti\u0301tulo-89-770x500.jpg 770w, https:\/\/dentalmagmar.es\/wp-content\/uploads\/2022\/06\/Disen\u0303o-sin-ti\u0301tulo-89-16x9.jpg 16w\" sizes=\"(max-width: 770px) 100vw, 770px\" data-id=\"14252\" \/><\/a><\/div>\t\t\t<div class=\"thsn-meta-category\"><a href=\"https:\/\/dentalmagmar.es\/fr\/category\/consejos-dentales\" rel=\"category tag\">Conseils dentaires<\/a><\/div>\n\t\t<\/div>\n\t\t<div class=\"themesion-box-content\">\n\t\t\t<div class=\"thsn-meta-container\">\n\t\t\t\t<div class=\"thsn-meta-date-wrapper thsn-meta-line\">\n\t\t\t\t\t<div class=\"thsn-meta-date\"><i class=\"thsn-base-icon-calendar-1\"><\/i> 12 Juin, 2022<\/div>\n\t\t\t\t<\/div>\n\t\t\t\t\t\t\t\t\t\t\t<\/div>\n\t\t\t<h3 class=\"thsn-post-title\"><a href=\"https:\/\/dentalmagmar.es\/fr\/aftas-en-la-lengua-causas-y-riesgos\">Aftas en la lengua: causas y riesgos<\/a><\/h3>\n\t\t\t\t<div class=\"themesion-box-desc\">\n\t\t\t\t<div class=\"themesion-box-desc-text\">\n\t\t\t\t\t<p>Las heridas bucales, para que reciban el nombre de aftas, deben ser superficiales: sin supuraci\u00f3n o cualquier otro signo de infecci\u00f3n.<\/p>\n\t\t\t\t\t<a class=\"vc_general vc_btn3 vc_btn3-size-md vc_btn3-shape-round vc_btn3-style-flat vc_btn3-color-secondarycolor\" href=\"https:\/\/dentalmagmar.es\/fr\/aftas-en-la-lengua-causas-y-riesgos\">Read More<\/a> \n\t\t\t\t<\/div>\n\t\t\t<\/div>\n\t\t<\/div>\n\t<\/div>\n<\/article>\n<\/div><div class=\"thsn-ele thsn-blog-ele col-md-4\"><article class=\"themesion-ele themesion-ele-blog thsn-blogbox-style-1 post-14241 post type-post status-publish format-standard has-post-thumbnail hentry category-dental tag-berango tag-carillas-dentales tag-dental-magmar\">\n\t<div class=\"post-item\">\n\t\t<div class=\"thsn-featured-container\">\n\t\t\t<div class=\"thsn-featured-wrapper\"><a href=\"https:\/\/dentalmagmar.es\/fr\/portes-ouvertes-day-firstfit-2\"><img width=\"770\" height=\"500\" src=\"https:\/\/dentalmagmar.es\/wp-content\/uploads\/2022\/02\/Vivir-Experiencias-Reir-Aventuras-Comer-Deporte-Bienestar-animacio\u0301n-publicacio\u0301n-instagram-beige-violeta-azul-770x500.png\" class=\"attachment-thsn-img-770x500 size-thsn-img-770x500 wp-post-image\" alt=\"image des facettes dentaires first fit berango\" data-id=\"14242\" \/><\/a><\/div>\t\t\t<div class=\"thsn-meta-category\"><a href=\"https:\/\/dentalmagmar.es\/fr\/category\/dental\" rel=\"category tag\">Dentaire<\/a><\/div>\n\t\t<\/div>\n\t\t<div class=\"themesion-box-content\">\n\t\t\t<div class=\"thsn-meta-container\">\n\t\t\t\t<div class=\"thsn-meta-date-wrapper thsn-meta-line\">\n\t\t\t\t\t<div class=\"thsn-meta-date\"><i class=\"thsn-base-icon-calendar-1\"><\/i> 24 F\u00e9v, 2022<\/div>\n\t\t\t\t<\/div>\n\t\t\t\t\t\t\t\t\t\t\t<\/div>\n\t\t\t<h3 class=\"thsn-post-title\"><a href=\"https:\/\/dentalmagmar.es\/fr\/portes-ouvertes-day-firstfit-2\">Journ\u00e9e portes ouvertes FirstFit\u00ae<\/a><\/h3>\n\t\t\t\t<div class=\"themesion-box-desc\">\n\t\t\t\t<div class=\"themesion-box-desc-text\">\n\t\t\t\t\tAs\u00ed fue nuestra jornada de puertas abiertas de Carillas Dentales FirstFit\u00ae en Dental Magmar - Un tiempo promedio de tratamiento de 5 veces menos que las carillas tradicionales. - M\u00e1xima\u2026\t\t\t\t\t<a class=\"vc_general vc_btn3 vc_btn3-size-md vc_btn3-shape-round vc_btn3-style-flat vc_btn3-color-secondarycolor\" href=\"https:\/\/dentalmagmar.es\/fr\/portes-ouvertes-day-firstfit-2\">Read More<\/a> \n\t\t\t\t<\/div>\n\t\t\t<\/div>\n\t\t<\/div>\n\t<\/div>\n<\/article>\n<\/div><div class=\"thsn-ele thsn-blog-ele col-md-4\"><article class=\"themesion-ele themesion-ele-blog thsn-blogbox-style-1 post-14200 post type-post status-publish format-standard has-post-thumbnail hentry category-consejos-dentales\">\n\t<div class=\"post-item\">\n\t\t<div class=\"thsn-featured-container\">\n\t\t\t<div class=\"thsn-featured-wrapper\"><a href=\"https:\/\/dentalmagmar.es\/fr\/tipos-de-protesis-dentales\"><img width=\"770\" height=\"500\" src=\"https:\/\/dentalmagmar.es\/wp-content\/uploads\/2021\/05\/protesis-clinica-dental-magmar-berango-770x500.jpeg\" class=\"attachment-thsn-img-770x500 size-thsn-img-770x500 wp-post-image\" alt=\"\" srcset=\"https:\/\/dentalmagmar.es\/wp-content\/uploads\/2021\/05\/protesis-clinica-dental-magmar-berango-770x500.jpeg 770w, https:\/\/dentalmagmar.es\/wp-content\/uploads\/2021\/05\/protesis-clinica-dental-magmar-berango-16x9.jpeg 16w\" sizes=\"(max-width: 770px) 100vw, 770px\" data-id=\"14201\" \/><\/a><\/div>\t\t\t<div class=\"thsn-meta-category\"><a href=\"https:\/\/dentalmagmar.es\/fr\/category\/consejos-dentales\" rel=\"category tag\">Conseils dentaires<\/a><\/div>\n\t\t<\/div>\n\t\t<div class=\"themesion-box-content\">\n\t\t\t<div class=\"thsn-meta-container\">\n\t\t\t\t<div class=\"thsn-meta-date-wrapper thsn-meta-line\">\n\t\t\t\t\t<div class=\"thsn-meta-date\"><i class=\"thsn-base-icon-calendar-1\"><\/i> 06 mai 2021<\/div>\n\t\t\t\t<\/div>\n\t\t\t\t\t\t\t\t\t\t\t<\/div>\n\t\t\t<h3 class=\"thsn-post-title\"><a href=\"https:\/\/dentalmagmar.es\/fr\/tipos-de-protesis-dentales\">TYPES DE PROTH\u00c8SES DENTAIRES<\/a><\/h3>\n\t\t\t\t<div class=\"themesion-box-desc\">\n\t\t\t\t<div class=\"themesion-box-desc-text\">\n\t\t\t\t\t<p>Nous vous expliquerons les types de proth\u00e8ses dentaires les plus courants.<\/p>\n\t\t\t\t\t<a class=\"vc_general vc_btn3 vc_btn3-size-md vc_btn3-shape-round vc_btn3-style-flat vc_btn3-color-secondarycolor\" href=\"https:\/\/dentalmagmar.es\/fr\/tipos-de-protesis-dentales\">Read More<\/a> \n\t\t\t\t<\/div>\n\t\t\t<\/div>\n\t\t<\/div>\n\t<\/div>\n<\/article>\n<\/div><\/div><\/div><!-- .themesion-element-inner -->   <\/div><!-- .themesion-element -->  [\/ vc_column] [\/ vc_row]<\/p>","protected":false},"excerpt":{"rendered":"<p>[vc_row thsn-responsive-css=\u00bb44833827|colbreak_no|||||||||colbreak_yes|||||||||colbreak_yes||||||||||colbreak_no|||||||||\u00bb][vc_column css=\u00bb.vc_custom_1586812009507{margin-top: 50px !important;}\u00bb offset=\u00bbvc_hidden-md vc_hidden-sm vc_hidden-xs\u00bb][vc_empty_space height=\u00bb42px\u00bb][\/vc_column][\/vc_row][vc_row full_width=\u00bbstretch_row_content\u00bb full_height=\u00bbyes\u00bb content_placement=\u00bbmiddle\u00bb thsn-responsive-css=\u00bb74199442|colbreak_no|||||||||colbreak_no|||||||||colbreak_no||||||||||colbreak_no|||||||||\u00bb css=\u00bb.vc_custom_1590361172466{margin-top: 80px !important;}\u00bb][vc_column][\/vc_column][\/vc_row][vc_row thsn-bg-color=\u00bbwhite\u00bb css=\u00bb.vc_custom_1563016913168{border-bottom-width: 1px !important;padding-top: 40px !important;padding-bottom: 30px !important;border-bottom-color: #e5e8ef !important;border-bottom-style: solid !important;}\u00bb][vc_column width=\u00bb1\/3&#8243;][\/vc_column][vc_column width=\u00bb1\/3&#8243;][\/vc_column][vc_column thsn-bg-image-position=\u00bbcenter-center\u00bb width=\u00bb1\/3&#8243;][vc_empty_space height=\u00bb14px\u00bb][vc_raw_html]JTNDY2VudGVyJTNFJTIwJTVCbGF0ZXBvaW50X2Jvb2tfYnV0dG9uJTVEJTIwJTNDJTJGY2VudGVyJTNF[\/vc_raw_html][\/vc_column][\/vc_row][vc_row thsn-bg-color=\u00bbwhite\u00bb content_placement=\u00bbmiddle\u00bb][vc_column width=\u00bb1\/2&#8243; css=\u00bb.vc_custom_1563017384187{padding-right: 60px !important;}\u00bb][vc_empty_space][vc_custom_heading text=\u00bb\u00bfC\u00f3mo Reservo mi Sesi\u00f3n Informativa?\u00bb font_container=\u00bbtag:h6|font_size:20px|text_align:left|line_height:30px\u00bb use_theme_fonts=\u00bbyes\u00bb][vc_column_text] Haz click en el Bot\u00f3n \u00abSolicitar Cita Online\u00bb situado [&hellip;]<\/p>","protected":false},"author":1,"featured_media":0,"parent":0,"menu_order":0,"comment_status":"closed","ping_status":"closed","template":"","meta":[],"yst_prominent_words":[116,118,67,205,486,482,71,59,69,62,296,483,107,106,61,487,66,60,70,479],"acf":[],"_links":{"self":[{"href":"https:\/\/dentalmagmar.es\/fr\/wp-json\/wp\/v2\/pages\/13452"}],"collection":[{"href":"https:\/\/dentalmagmar.es\/fr\/wp-json\/wp\/v2\/pages"}],"about":[{"href":"https:\/\/dentalmagmar.es\/fr\/wp-json\/wp\/v2\/types\/page"}],"author":[{"embeddable":true,"href":"https:\/\/dentalmagmar.es\/fr\/wp-json\/wp\/v2\/users\/1"}],"replies":[{"embeddable":true,"href":"https:\/\/dentalmagmar.es\/fr\/wp-json\/wp\/v2\/comments?post=13452"}],"version-history":[{"count":0,"href":"https:\/\/dentalmagmar.es\/fr\/wp-json\/wp\/v2\/pages\/13452\/revisions"}],"wp:attachment":[{"href":"https:\/\/dentalmagmar.es\/fr\/wp-json\/wp\/v2\/media?parent=13452"}],"wp:term":[{"taxonomy":"yst_prominent_words","embeddable":true,"href":"https:\/\/dentalmagmar.es\/fr\/wp-json\/wp\/v2\/yst_prominent_words?post=13452"}],"curies":[{"name":"wp","href":"https:\/\/api.w.org\/{rel}","templated":true}]}}